{"id":100,"date":"2016-09-16T11:37:48","date_gmt":"2016-09-16T11:37:48","guid":{"rendered":"http:\/\/www.cercle-lc.ch\/?page_id=100"},"modified":"2016-09-16T11:43:19","modified_gmt":"2016-09-16T11:43:19","slug":"seance-du-comite-du-8-novembre-1916","status":"publish","type":"page","link":"https:\/\/cercle-lc.ch\/wordpress\/seance-du-comite-du-8-novembre-1916\/","title":{"rendered":"S\u00e9ance du comit\u00e9 du 8 novembre 1916"},"content":{"rendered":"<h4 style=\"text-align: center;\"><em>S\u00e9ance du Comit\u00e9<br \/>\n<\/em><em>8 novembre 1916<br \/>\n<\/em><em>jour anniversaire du Centenaire de La Fondation du Cercle<br \/>\n<\/em><em>8 novembre 1816<\/em><\/h4>\n<p><em>Les membres du comit\u00e9 en fonction ont \u00e0 c\u0153ur de se r\u00e9unir- en m\u00eame temps que pour prendre certaines d\u00e9cisions administratives &#8211; pour f\u00eater en commun le jour pr\u00e9cis o\u00f9, il y a 100 ans, nos pr\u00e9d\u00e9cesseurs ont d\u00e9cid\u00e9 la fondation du Cercle litt\u00e9raire et de commerce. On se souvient qu\u2019il y a deux ans, le 19 avril 1914, le Cercle avait d\u00e9j\u00e0 f\u00eat\u00e9 solennellement par un banquet le centenaire de son existence, mais ce n&rsquo;est que pendant les travaux d&rsquo;organisation de cette f\u00eate que la date exacte &#8211; 8 novembre 1816 &#8211; de la fondation avait \u00e9t\u00e9 d\u00e9couverte par le Pr\u00e9sident en charge M. le Dr E. Dupraz. Il convenait donc de donner \u00e0 nos anc\u00eatres de 1816 une pens\u00e9e et un t\u00e9moignage de gratitude en c\u00e9l\u00e9brant en petit comit\u00e9 ce jour m\u00e9morable et en lisant les noms des fondateurs de notre cher Cercle. Puissent ceux des membres du Cercle qui c\u00e9l\u00e8breront le deuxi\u00e8me centenaire en 2016 joindre dans une m\u00eame pens\u00e9e les initiateurs de 1816 et leurs continuateurs de 1916, tous d\u00e9fenseurs des id\u00e9es de d\u00e9mocratie et de libert\u00e9. <\/em><\/p>\n<p><em>\u00a0<\/em><\/p>\n<p><em>Fribourg, le 8 novembre 1916 : <\/em><\/p>\n<p style=\"text-align: center;\"><em>Le comit\u00e9 : <\/em><\/p>\n<p style=\"text-align: center;\"><em>Arthur Blanc, pr\u00e9sident\u00a0\u00a0\u00a0\u00a0\u00a0\u00a0\u00a0\u00a0\u00a0 E.Pauchard, caissier<br \/>\n<\/em><em>Dr E. Dupraz, vice-pr\u00e9sident\u00a0\u00a0\u00a0\u00a0\u00a0 Fritz Liniger, inspecteur<br \/>\n<\/em><em>Ch.-E. Ochsenbein, secr\u00e9taire <\/em><\/p>\n","protected":false},"excerpt":{"rendered":"<p>S\u00e9ance du Comit\u00e9 8 novembre 1916 jour anniversaire du Centenaire de La Fondation du Cercle 8 novembre 1816 Les membres du comit\u00e9 en fonction ont \u00e0 c\u0153ur de se r\u00e9unir- en m\u00eame temps que pour prendre certaines d\u00e9cisions administratives &#8211; pour f\u00eater en commun le jour pr\u00e9cis o\u00f9, il y a 100 ans, nos pr\u00e9d\u00e9cesseurs [&hellip;]<\/p>\n","protected":false},"author":1,"featured_media":0,"parent":0,"menu_order":0,"comment_status":"closed","ping_status":"closed","template":"","meta":{"footnotes":""},"class_list":["post-100","page","type-page","status-publish","hentry"],"_links":{"self":[{"href":"https:\/\/cercle-lc.ch\/wordpress\/wp-json\/wp\/v2\/pages\/100","targetHints":{"allow":["GET"]}}],"collection":[{"href":"https:\/\/cercle-lc.ch\/wordpress\/wp-json\/wp\/v2\/pages"}],"about":[{"href":"https:\/\/cercle-lc.ch\/wordpress\/wp-json\/wp\/v2\/types\/page"}],"author":[{"embeddable":true,"href":"https:\/\/cercle-lc.ch\/wordpress\/wp-json\/wp\/v2\/users\/1"}],"replies":[{"embeddable":true,"href":"https:\/\/cercle-lc.ch\/wordpress\/wp-json\/wp\/v2\/comments?post=100"}],"version-history":[{"count":2,"href":"https:\/\/cercle-lc.ch\/wordpress\/wp-json\/wp\/v2\/pages\/100\/revisions"}],"predecessor-version":[{"id":105,"href":"https:\/\/cercle-lc.ch\/wordpress\/wp-json\/wp\/v2\/pages\/100\/revisions\/105"}],"wp:attachment":[{"href":"https:\/\/cercle-lc.ch\/wordpress\/wp-json\/wp\/v2\/media?parent=100"}],"curies":[{"name":"wp","href":"https:\/\/api.w.org\/{rel}","templated":true}]}}