{"id":1004,"date":"2024-04-10T17:51:56","date_gmt":"2024-04-10T15:51:56","guid":{"rendered":"https:\/\/cercle-lc.ch\/wordpress\/?page_id=1004"},"modified":"2024-04-15T10:51:09","modified_gmt":"2024-04-15T08:51:09","slug":"status-de-la-fondation-du-cercle-litteraire-et-de-commerce-a-fribourg","status":"publish","type":"page","link":"https:\/\/cercle-lc.ch\/wordpress\/le-comite\/status-de-la-fondation-du-cercle-litteraire-et-de-commerce-a-fribourg\/","title":{"rendered":"Statuts de la Fondation du Cercle litt\u00e9raire et de commerce \u00e0 Fribourg"},"content":{"rendered":"\n<p class=\"wp-block-paragraph\"><a href=\"https:\/\/cercle-lc.ch\/wordpress\/wp-content\/uploads\/2024\/04\/Statuts-Fondation.pdf\" data-type=\"link\" data-id=\"https:\/\/cercle-lc.ch\/wordpress\/wp-content\/uploads\/2024\/04\/Statuts-Fondation.pdf\">Fichier imprimable<\/a>.<\/p>\n\n\n\n<p class=\"wp-block-paragraph\">Art. 1 Nom, si\u00e8ge, dur\u00e9e<\/p>\n\n\n\n<p class=\"wp-block-paragraph\">Sons la d\u00e9nomination \u00ab\u00a0<strong>Fondation du Cercle litt\u00e9raire et de commerce<\/strong>\u00a0\u00bb est constitu\u00e9e une fondation au sens des articles 80 ss du code civil suisse (CC). Le si\u00e8ge de la fondation est \u00e0 Fribourg. Tout transfert du si\u00e8ge en un autre lieu de Suisse requiert l&rsquo;approbation pr\u00e9alable de l&rsquo;autorit\u00e9 de surveillance. La dur\u00e9e de la fondation est ind\u00e9termin\u00e9e.<br><br><br>[&#8230;.]\n\n\n\n<p class=\"wp-block-paragraph\"><\/p>\n\n\n\n<p class=\"wp-block-paragraph\">Art. 19 Inscription au registre du commerce<\/p>\n\n\n\n<p class=\"wp-block-paragraph\">La fondation est inscrite au registre du commerce.<\/p>\n\n\n\n<p class=\"wp-block-paragraph\">Les pr\u00e9sents statuts, adopt\u00e9s par le conseil de fondation en s\u00e9ance du 20 octobre 2011, annulent et remplacent les statuts ant\u00e9rieurs. Ils entrent en vigueur d\u00e8s leur approbation par l\u2019autorit\u00e9 comp\u00e9tente.<br><br>Ainsi fait \u00e0 Fribourg, le 20 octobre 201l.<\/p>\n\n\n\n<p class=\"wp-block-paragraph\">Au nem du conseil de fondation<\/p>\n\n\n\n<p class=\"wp-block-paragraph\">Le pr\u00e9sident: Albert Nussbaumer<br>Le secr\u00e9taire: Georges Gaillard<\/p>\n","protected":false},"excerpt":{"rendered":"<p>Fichier imprimable. Art. 1 Nom, si\u00e8ge, dur\u00e9e Sons la d\u00e9nomination \u00ab\u00a0Fondation du Cercle litt\u00e9raire et de commerce\u00a0\u00bb est constitu\u00e9e une fondation au sens des articles 80 ss du code civil suisse (CC). Le si\u00e8ge de la fondation est \u00e0 Fribourg. Tout transfert du si\u00e8ge en un autre lieu de Suisse requiert l&rsquo;approbation pr\u00e9alable de l&rsquo;autorit\u00e9 [&hellip;]<\/p>\n","protected":false},"author":1,"featured_media":0,"parent":37,"menu_order":0,"comment_status":"closed","ping_status":"closed","template":"","meta":{"footnotes":""},"class_list":["post-1004","page","type-page","status-publish","hentry"],"_links":{"self":[{"href":"https:\/\/cercle-lc.ch\/wordpress\/wp-json\/wp\/v2\/pages\/1004","targetHints":{"allow":["GET"]}}],"collection":[{"href":"https:\/\/cercle-lc.ch\/wordpress\/wp-json\/wp\/v2\/pages"}],"about":[{"href":"https:\/\/cercle-lc.ch\/wordpress\/wp-json\/wp\/v2\/types\/page"}],"author":[{"embeddable":true,"href":"https:\/\/cercle-lc.ch\/wordpress\/wp-json\/wp\/v2\/users\/1"}],"replies":[{"embeddable":true,"href":"https:\/\/cercle-lc.ch\/wordpress\/wp-json\/wp\/v2\/comments?post=1004"}],"version-history":[{"count":4,"href":"https:\/\/cercle-lc.ch\/wordpress\/wp-json\/wp\/v2\/pages\/1004\/revisions"}],"predecessor-version":[{"id":1013,"href":"https:\/\/cercle-lc.ch\/wordpress\/wp-json\/wp\/v2\/pages\/1004\/revisions\/1013"}],"up":[{"embeddable":true,"href":"https:\/\/cercle-lc.ch\/wordpress\/wp-json\/wp\/v2\/pages\/37"}],"wp:attachment":[{"href":"https:\/\/cercle-lc.ch\/wordpress\/wp-json\/wp\/v2\/media?parent=1004"}],"curies":[{"name":"wp","href":"https:\/\/api.w.org\/{rel}","templated":true}]}}