{"id":170,"date":"2017-05-19T08:08:58","date_gmt":"2017-05-19T08:08:58","guid":{"rendered":"http:\/\/www.cercle-lc.ch\/?page_id=170"},"modified":"2017-05-19T08:43:21","modified_gmt":"2017-05-19T08:43:21","slug":"la-seance-du-conseil-du-8-novembre-2016","status":"publish","type":"page","link":"https:\/\/cercle-lc.ch\/wordpress\/la-seance-du-conseil-du-8-novembre-2016\/","title":{"rendered":"La s\u00e9ance du Conseil du 8 novembre 2016"},"content":{"rendered":"<p>La s\u00e9ance de ce Conseil du\u00a08 novembre 2016, ouvre une nouvelle \u00e8re pour le Cercle en comm\u00e9morant l\u2019initiative des fondateurs et la fid\u00e9lit\u00e9 de nos pr\u00e9d\u00e9cesseurs afin que perdure non seulement le Cercle, mais sa pens\u00e9e. Dans cet esprit de continuit\u00e9, le Pr\u00e9sident relit le proc\u00e8s-verbal de la s\u00e9ance du Comit\u00e9 tenue le 8 novembre 1916, jour anniversaire de la fondation du Cercle le 8 novembre 1816.<\/p>\n<p><em>\u00ab\u00a0Les membres du comit\u00e9 en fonction ont \u00e0 c\u0153ur de se r\u00e9unir \u2013 en m\u00eame temps que pour prendre certaines d\u00e9cisions administratives &#8211; pour f\u00eater en commun le jour pr\u00e9cis o\u00f9, i y a 100 ans, nos pr\u00e9d\u00e9cesseurs ont d\u00e9cid\u00e9 la fondation du Cercle litt\u00e9raire et de commerce. On se souvient qu\u2019il y a deux ans, le 19 avril 1914, le Cercle avait d\u00e9j\u00e0 f\u00eat\u00e9 solennellement, par un banquet, le centenaire de son existence, mais ce n\u2019est que pendant les travaux d\u2019organisation de cette f\u00eate que la date exacte \u2013 8 novembre 1816 &#8211; de la fondation avait \u00e9t\u00e9 d\u00e9couverte par le Pr\u00e9sident en charge\u00a0M. le Dr E. Dupraz. Il convenait donc de donner \u00e0 nos anc\u00eatres une pens\u00e9e et un t\u00e9moignage de gratitude en c\u00e9l\u00e9brant en petit comit\u00e9 ce jour m\u00e9morable et en lisant les noms des membres de notre cher Cercle. Puissent ceux des membres du Cercle qui c\u00e9l\u00e9breront le deuxi\u00e8me centenaire en 2016 joindre dans une m\u00eame pens\u00e9e les initiateurs de 1816 et leur continuateurs de 1916, tous d\u00e9fenseurs des id\u00e9es de d\u00e9mocratie et de libert\u00e9.<\/em><\/p>\n<p><em>Fribourg, novembre 1916 <\/em><\/p>\n<p style=\"text-align: center;\"><em>Arthur Blanc, pr\u00e9sident\u00a0\u00a0\u00a0\u00a0\u00a0\u00a0\u00a0\u00a0\u00a0\u00a0 <\/em><em>Dr.E. Dupraz vice-pr\u00e9sident\u00a0\u00a0\u00a0 <\/em><\/p>\n<p style=\"text-align: center; padding-left: 180px;\"><em>E. <\/em><em>Pauchard, caissier,\u00a0\u00a0\u00a0\u00a0\u00a0\u00a0\u00a0\u00a0\u00a0\u00a0\u00a0\u00a0\u00a0<\/em><em>Fritz Liniger, inspecteur\u00a0\u00a0\u00a0\u00a0\u00a0\u00a0\u00a0\u00a0\u00a0\u00a0\u00a0\u00a0\u00a0\u00a0\u00a0\u00a0\u00a0\u00a0\u00a0\u00a0\u00a0\u00a0\u00a0\u00a0\u00a0\u00a0\u00a0\u00a0\u00a0\u00a0\u00a0\u00a0\u00a0\u00a0\u00a0\u00a0\u00a0\u00a0\u00a0\u00a0\u00a0\u00a0\u00a0\u00a0\u00a0\u00a0\u00a0\u00a0\u00a0\u00a0\u00a0\u00a0\u00a0\u00a0\u00a0 <\/em><\/p>\n<p style=\"text-align: center;\"><em>\u00a0Ch. E. Ochsenbein, secr\u00e9taire\u00a0\u00bb<\/em><\/p>\n<p>&nbsp;<\/p>\n<p>Suite \u00e0 cette lecture, pour que perdure le t\u00e9moignage de 1916, le Pr\u00e9sident adapte la citation de 1916 pour nos successeurs\u00a0:<\/p>\n<p>\u00ab\u00a0<em>Puissent ceux des membres du Cercle qui c\u00e9l\u00e9breront le troisi\u00e8me centenaire en 2116 joindre dans une m\u00eame pens\u00e9e les initiateurs de 1816, les continuateurs de 1916 et de 2016, tous d\u00e9fenseurs des id\u00e9es de d\u00e9mocratie et de libert\u00e9\u00a0\u00bb<\/em><\/p>\n<p><em>Fribourg novembre 2016<\/em><\/p>\n<p style=\"padding-left: 390px;\"><em>Le Conseil <\/em><\/p>\n<p style=\"text-align: center;\"><em>\u00a0 Albert Nussbaumer, Pr\u00e9sident\u00a0\u00a0\u00a0\u00a0\u00a0\u00a0\u00a0\u00a0\u00a0\u00a0\u00a0\u00a0\u00a0\u00a0\u00a0\u00a0\u00a0\u00a0\u00a0\u00a0\u00a0\u00a0\u00a0\u00a0\u00a0\u00a0 Monique Pichonnaz Oggier, secr\u00e9taire <\/em><\/p>\n<p style=\"text-align: center;\"><em>\u00a0Jean-No\u00ebl Gex, vice-pr\u00e9sident\u00a0\u00a0\u00a0\u00a0\u00a0\u00a0\u00a0\u00a0\u00a0\u00a0\u00a0\u00a0\u00a0\u00a0\u00a0\u00a0\u00a0\u00a0\u00a0\u00a0\u00a0\u00a0\u00a0\u00a0\u00a0\u00a0\u00a0\u00a0Monique Dupraz, membre<\/em><\/p>\n<p style=\"text-align: center;\"><em>\u00a0Pierre Wicht,\u00a0membre\u00a0\u00a0\u00a0\u00a0\u00a0\u00a0\u00a0\u00a0\u00a0\u00a0\u00a0\u00a0\u00a0\u00a0\u00a0\u00a0\u00a0\u00a0\u00a0\u00a0\u00a0\u00a0\u00a0\u00a0\u00a0\u00a0\u00a0\u00a0\u00a0\u00a0\u00a0\u00a0\u00a0\u00a0\u00a0\u00a0\u00a0\u00a0\u00a0\u00a0\u00a0\u00a0Denis Boivin, tr\u00e9sorier<\/em><\/p>\n","protected":false},"excerpt":{"rendered":"<p>La s\u00e9ance de ce Conseil du\u00a08 novembre 2016, ouvre une nouvelle \u00e8re pour le Cercle en comm\u00e9morant l\u2019initiative des fondateurs et la fid\u00e9lit\u00e9 de nos pr\u00e9d\u00e9cesseurs afin que perdure non seulement le Cercle, mais sa pens\u00e9e. Dans cet esprit de continuit\u00e9, le Pr\u00e9sident relit le proc\u00e8s-verbal de la s\u00e9ance du Comit\u00e9 tenue le 8 novembre [&hellip;]<\/p>\n","protected":false},"author":1,"featured_media":0,"parent":0,"menu_order":0,"comment_status":"closed","ping_status":"closed","template":"","meta":{"footnotes":""},"class_list":["post-170","page","type-page","status-publish","hentry"],"_links":{"self":[{"href":"https:\/\/cercle-lc.ch\/wordpress\/wp-json\/wp\/v2\/pages\/170","targetHints":{"allow":["GET"]}}],"collection":[{"href":"https:\/\/cercle-lc.ch\/wordpress\/wp-json\/wp\/v2\/pages"}],"about":[{"href":"https:\/\/cercle-lc.ch\/wordpress\/wp-json\/wp\/v2\/types\/page"}],"author":[{"embeddable":true,"href":"https:\/\/cercle-lc.ch\/wordpress\/wp-json\/wp\/v2\/users\/1"}],"replies":[{"embeddable":true,"href":"https:\/\/cercle-lc.ch\/wordpress\/wp-json\/wp\/v2\/comments?post=170"}],"version-history":[{"count":5,"href":"https:\/\/cercle-lc.ch\/wordpress\/wp-json\/wp\/v2\/pages\/170\/revisions"}],"predecessor-version":[{"id":178,"href":"https:\/\/cercle-lc.ch\/wordpress\/wp-json\/wp\/v2\/pages\/170\/revisions\/178"}],"wp:attachment":[{"href":"https:\/\/cercle-lc.ch\/wordpress\/wp-json\/wp\/v2\/media?parent=170"}],"curies":[{"name":"wp","href":"https:\/\/api.w.org\/{rel}","templated":true}]}}