{"id":186,"date":"2017-05-19T10:07:58","date_gmt":"2017-05-19T10:07:58","guid":{"rendered":"http:\/\/www.cercle-lc.ch\/?page_id=186"},"modified":"2017-05-19T10:10:38","modified_gmt":"2017-05-19T10:10:38","slug":"le-175e-anniversaire-du-cercle-un-role-social-a-jouer","status":"publish","type":"page","link":"https:\/\/cercle-lc.ch\/wordpress\/le-175e-anniversaire-du-cercle-un-role-social-a-jouer\/","title":{"rendered":"Le 175e anniversaire du Cercle : un r\u00f4le social \u00e0 jouer"},"content":{"rendered":"<p>Pas d\u2019invit\u00e9 illustre pour le 175<sup>e<\/sup> anniversaire du Cercle. Et m\u00eame pas de discours pr\u00e9sidentiel si l\u2019on en croit le programme des festivit\u00e9s. Mais le souci de revenir aux sources avec un expos\u00e9 historique du Dr. Jean Dubas portant sur la p\u00e9riode des origines du Cercle qui fut une p\u00e9riode tr\u00e8s int\u00e9ressante de l\u2019histoire de notre capitale cantonale. La R\u00e9publique helv\u00e9tique de 1798 suivie de la p\u00e9riode de la M\u00e9diation puis de la Restauration de 1815 ont provoqu\u00e9 de tr\u00e8s nombreux bouleversements dans notre pays. Et c\u2019est dans ce contexte politique agit\u00e9 que l\u2019on a vu na\u00eetre et se d\u00e9velopper plusieurs associations \u00e0 Fribourg. Parmi celles-ci on trouve des cercles, des soci\u00e9t\u00e9s \u00e0 but social, des soci\u00e9t\u00e9s scientifiques ou litt\u00e9raires ainsi que de nouvelles abbayes ou confr\u00e9ries.<\/p>\n<p>Nous reproduisons ci-dessous le programme du 175<sup>e<\/sup> anniversaire tel que retrouv\u00e9 dans les archives du Cercle\u00a0:<\/p>\n<h3 style=\"text-align: center;\"><em>PROGRAMME DU 175<sup>\u00e8me<\/sup> anniversaire<\/em><\/h3>\n<h3 style=\"text-align: center;\"><em>SAMEDI 9 novembre 1991<\/em><\/h3>\n<p style=\"padding-left: 30px;\"><strong><em>\u00a0<\/em><\/strong><strong><em>\u00a0\u00a0\u00a0\u00a0\u00a0\u00a0\u00a0\u00a0\u00a0\u00a0\u00a0\u00a0\u00a0\u00a0 10h00\u00a0\u00a0\u00a0\u00a0\u00a0\u00a0\u00a0\u00a0\u00a0\u00a0\u00a0\u00a0\u00a0Salle paroissiale de Ste-Th\u00e9r\u00e8se \u00e0 Fribourg<\/em><\/strong><\/p>\n<p style=\"padding-left: 210px;\"><i><em>c\u00e9r\u00e9monie du souvenir<\/em><\/i><\/p>\n<p style=\"padding-left: 210px;\"><em>hommage aux d\u00e9funts<\/em><\/p>\n<p style=\"padding-left: 210px;\"><i><em>expos\u00e9 historique pr\u00e9sent\u00e9 par le Dr Jean Dubas<\/em><\/i><\/p>\n<p style=\"padding-left: 210px;\"><em>pr\u00e9sentation de l\u2019ouvrage de Mme Martine Amey-Vorlet par le<\/em><em>\u00a0<\/em><em>professeur Gaston Gaudard<\/em><\/p>\n<p style=\"padding-left: 210px;\"><em>avec la participation de l\u2019Orchestre des Jeunes de Fribourg sous la direction de Th\u00e9o Kapsopoulos<\/em><\/p>\n<p style=\"padding-left: 210px;\"><i><em>ap\u00e9ritif\u00a0\u00a0\u00a0\u00a0\u00a0\u00a0\u00a0\u00a0\u00a0\u00a0\u00a0\u00a0\u00a0\u00a0\u00a0\u00a0\u00a0\u00a0\u00a0\u00a0\u00a0\u00a0\u00a0\u00a0\u00a0\u00a0\u00a0\u00a0\u00a0<\/em><em>\u00a0\u00a0\u00a0\u00a0\u00a0\u00a0\u00a0\u00a0\u00a0\u00a0\u00a0\u00a0\u00a0\u00a0 <\/em><\/i><\/p>\n<p style=\"padding-left: 90px;\"><i><em><strong>12h30\u00a0\u00a0\u00a0\u00a0\u00a0\u00a0\u00a0\u00a0\u00a0H\u00f4tel-restaurant du Jura \u00e0 Fribourg\u00a0\u00a0\u00a0\u00a0\u00a0\u00a0\u00a0\u00a0\u00a0\u00a0\u00a0\u00a0\u00a0\u00a0\u00a0\u00a0\u00a0\u00a0\u00a0\u00a0\u00a0\u00a0 <\/strong><\/em><\/i><\/p>\n<p style=\"padding-left: 210px;\"><i><em>Banquet officiel<\/em><\/i><\/p>\n<p>&nbsp;<\/p>\n<p>Selon ses statuts de 1976, le Cercle a pour but, en plus de la promotion des id\u00e9es lib\u00e9rales-radicales, de favoriser la formation civique des citoyennes et des citoyens ainsi que leur participation \u00e0 la vie culturelle de la capitale. Dans ce contexte, le Cercle a un r\u00f4le social \u00e0 jouer. Et ce fut notamment le cas \u00e0 l\u2019occasion de cet anniversaire avec le financement de la publication d\u2019un travail universitaire \u00e0 caract\u00e8re social r\u00e9dig\u00e9 par Mme Martine Amey-Vorlet, sous la direction du professeur de sciences \u00e9conomiques Gaston Gaudard. Cet ouvrage, dont on peut retrouver encore quelques exemplaires dans les archives du Cercle, s\u2019intitule <em>\u00ab\u00a0La mobilit\u00e9 des personnes \u00e2g\u00e9es dans l&rsquo;agglom\u00e9ration fribourgeoise\u00a0\u00bb<\/em>. Un sujet, celui de la mobilit\u00e9, qui occupe encore le devant de la sc\u00e8ne 25 ans plus tard. Comme celui des personnes \u00e2g\u00e9es qui sont de plus en plus nombreuses avec le vieillissement de la population et qui, du fait d\u2019un niveau de sant\u00e9 en constante am\u00e9lioration, se d\u00e9placent de plus en plus.<\/p>\n<p>Le financement d\u2019ouvrages bas\u00e9s sur une r\u00e9flexion visant \u00e0 faire avancer notre soci\u00e9t\u00e9 demeure par ailleurs un des buts du Cercle. Preuve en est la participation r\u00e9cente au financement d\u2019un ouvrage collectif paru en 2015 chez NZZ Libro sous le titre <em>\u00ab\u00a0Que veut dire \u00eatre lib\u00e9ral aujourd\u2019hui\u00a0?\u00a0\u00bb<\/em>. Il a \u00e9t\u00e9 \u00e9dit\u00e9 par <em>B\u00e9atrice Acklin, Yann Grandjean et Fulvio Pelli et il rassemble une s\u00e9rie d\u2019entretiens doubles (deux personnes sont \u00e0 chaque fois questionn\u00e9es par l\u2019un des \u00e9diteurs), en allemand ou en fran\u00e7ais.<\/em><\/p>\n<p>L\u2019ouvrage a pour but de r\u00e9affirmer et rafra\u00eechir la pens\u00e9e lib\u00e9rale sur quelques grands sujets politiques et sociaux\u00a0: responsabilit\u00e9 sociale (Jean-Pierre Bonny et Jean-Daniel Gerber), migration\u00a0 (Tib\u00e8re Adler et Claude Ruey), sph\u00e8re priv\u00e9e et monde digital (Konrad Hummler et Markus Spillmann), sant\u00e9 (Thierry Carrel et Ignazio Cassis), famille (Suzette Sandoz et Philippe Nantermod), religion et communaut\u00e9s religieuses (Martine Brunschwig Graf et Andrea Caroni), droit et d\u00e9mocratie (Michel Hottelier et Olivier Meuwly) et environnement (Filippo Leutenegger et Thomas Maier).<\/p>\n<p>Mais revenons au 175<sup>e<\/sup> anniversaire et \u00e0 l\u2019ouvrage de Martine Amey-Vorlet. Dans la pr\u00e9face, Gaston Gaudard, directeur du Centre de recherches en \u00e9conomie de l\u2019espace de l\u2019Universit\u00e9 de Fribourg, qui a encadr\u00e9 cette \u00e9tude, pose une question int\u00e9ressante \u00e0 propos des motivations ayant pu pousser le Cercle \u00e0 financer celle-ci\u00a0: \u00ab\u00a0En quoi une telle pr\u00e9occupation se rapproche-t-elle d\u2019une Soci\u00e9t\u00e9, dont le nom, aujourd\u2019hui comme depuis 1816, place plut\u00f4t l\u2019accent sur l\u2019id\u00e9e sympathique d\u2019un club assez distingu\u00e9 de lecture et d\u2019un espace de rencontres pour hommes d\u2019affaires\u00a0?\u00a0\u00bb. Il s\u2019empresse ensuite de relever que les statuts les plus anciens du Cercle, dans l\u2019article 1, faisaient d\u00e9j\u00e0 \u00e9tat d\u2019une volont\u00e9 d\u2019offrir aux membres \u00ab\u00a0un lieu de r\u00e9cr\u00e9ation, de r\u00e9union et d\u2019instruction\u00a0\u00bb. Il rel\u00e8ve \u00e9galement que l\u2019action du Cercle est all\u00e9e bien plus loin que ces trois objectifs initiaux, par exemple lors des p\u00e9riodes de mobilisation lors desquelles \u00ab\u00a0il a manifest\u00e9 un souci marqu\u00e9 d\u2019accueil, notamment \u00e0 l\u2019\u00e9gard des officiers de passage\u00a0\u00bb. Gaston Gaudard met aussi en \u00e9vidence \u00ab\u00a0l\u2019int\u00e9r\u00eat du Cercle pour le domaine social\u00a0\u00bb. Il souligne les deux volets sociaux du Cercle en rappelant que celui a comport\u00e9, plus particuli\u00e8rement jusqu\u2019\u00e0 la fin du premier conflit mondial, \u00ab\u00a0une aile ouvri\u00e8re qui avait r\u00e9guli\u00e8rement \u00e0 c\u0153ur d\u2019\u00e9voquer la question sociale\u00a0\u00bb. Le premier volet social est orient\u00e9 vers la bienfaisance (aide aux d\u00e9munis de la capitale, par exemple pour les aider \u00e0 v\u00eatir leurs enfants afin qu\u2019ils puissent se rendre \u00e0 l\u2019\u00e9cole). Le second volet social concerne l\u2019int\u00e9r\u00eat public avec la volont\u00e9 d\u2019encourager le progr\u00e8s de l\u2019ensemble de la communaut\u00e9. C\u2019est dans ce contexte que le Cercle a par exemple appuy\u00e9 l\u2019Association pour l\u2019exploitation du Grand Pont Suspendu en lui octroyant un montant de 8000 francs en 1833. Il en a fait de m\u00eame en 1838 en accordant 1000 francs pour la construction du Pont sur le Gott\u00e9ron. Et les exemples ne manquent pas\u00a0: chemin de fer Berne-Fribourg, promotion de l\u2019\u00e9clairage de la ville au gaz, puis de l\u2019\u00e9lectricit\u00e9. Par ailleurs, le Cercle s\u2019est toujours beaucoup souci\u00e9 de l\u2019instruction. Et malgr\u00e9 l\u2019anticl\u00e9ricalisme connu des radicaux helv\u00e9tiques, il a tiss\u00e9 des liens avec le fameux p\u00e9dagogue Gr\u00e9goire Girard r\u00e9put\u00e9 pour ses id\u00e9es novatrices. C\u2019est donc bien dans le sens de ce second volet social, celui de la promotion de l\u2019int\u00e9r\u00eat public, que \u00ab\u00a0para\u00eet se ranger parfaitement l\u2019attention qui est port\u00e9e en 1991 au probl\u00e8me du d\u00e9placement des personnes \u00e2g\u00e9es dans l\u2019agglom\u00e9ration fribourgeoise\u00a0\u00bb. L\u2019occasion \u00e9galement pour Gaston Gaudard d\u2019\u00e9voquer \u00ab\u00a0le bel \u00e9quilibre entre jeunes et les plus anciens\u00a0\u00bb qui caract\u00e9rise la longue histoire du Cercle. Il en profite pour citer quelques noms de membres qui l\u2019ont \u00e9t\u00e9 de tr\u00e8s nombreuses ann\u00e9es car ils ont eu le bonheur d\u2019atteindre un grand et bel \u00e2ge\u00a0: Alfred Broye (93 ans), Paul Blancpain (94 ans) ou Henri Bardy, un autre nonag\u00e9naire. Mais il souligne \u00e9galement que le Cercle a fait preuve tr\u00e8s vite d\u2019une \u00ab\u00a0r\u00e9elle ouverture \u00e0 la jeune g\u00e9n\u00e9ration\u00a0\u00bb puisque les statuts de 1865 fixaient \u00e0 l\u2019\u00e2ge de 16 ans la limite pour pouvoir y \u00eatre re\u00e7u.<\/p>\n<p>Venons-en donc \u00e0 l\u2019\u00e9tude proprement dite de Martine Amey-Vorlet. L\u2019auteure y part d\u2019un constat\u00a0: entre le d\u00e9but du XX<sup>e<\/sup> si\u00e8cle et le d\u00e9but des ann\u00e9es 1990, la part des plus de 65 ans est pass\u00e9e de 6 \u00e0 14% de la population cantonale. La mani\u00e8re dont se d\u00e9placent ces personnes constituait donc, et constitue toujours, un sujet dont il s\u2019agit de se pr\u00e9occuper.\u00a0 Martine Amey-Vorlet a \u00e9t\u00e9 rendue sensible \u00e0 ce sujet en voyant sa propre grand-m\u00e8re confront\u00e9e \u00e0 ce probl\u00e8me. Elle a envisag\u00e9 la probl\u00e9matique dans son ensemble en s\u2019int\u00e9ressant \u00e0 de nombreux aspects comme la mobilit\u00e9 internationale, pendulaire, r\u00e9sidentielle, de loisir, etc. Elle a d\u00e9montr\u00e9 qu\u2019il n\u2019\u00e9tait pas toujours ais\u00e9 pour les seniors de pouvoir rester chez eux. M\u00eame si la possibilit\u00e9 existait pour les plus chanceux gr\u00e2ce aux services d\u2019aide sociale de la capitale d\u00e9pendant de trois organisations\u00a0: la section fribourgeoise de la Croix-Rouge, la F\u00e9d\u00e9ration fribourgeoise des services d\u2019aide familiale et Param\u00e9dica Service SA. L\u2019auteure \u00e9voque \u00e9galement l\u2019existence d\u2019immeubles r\u00e9serv\u00e9s aux personnes \u00e2g\u00e9es, trois en tout et pour tout dans le district de la Sarine, offrant en moyenne une huitantaine d\u2019appartement \u00e0 des loyers qui feraient r\u00eaver \u00e0 l\u2019heure actuelle puisqu\u2019ils oscillaient entre 300 et 500 francs\u00a0! Elle rel\u00e8ve \u00e9galement l\u2019existence de 7 homes pour personnes \u00e2g\u00e9es dans le Grand Fribourg.<\/p>\n<p>Dans le chapitre qu\u2019elle consacre \u00e0 la mobilit\u00e9 de loisir, Martine Amey-Vorlet r\u00e9pertorie les diff\u00e9rents organismes offrant des possibilit\u00e9s de d\u00e9placement aux seniors. Comme par exemple Pro Senectute, la Croix-Rouge ou le Mouvement des a\u00een\u00e9s. Mais c\u2019est essentiellement sur les modes de transports qu\u2019utilisent les personnes \u00e2g\u00e9es que porte le travail de l\u2019auteure qui y consacre la moiti\u00e9 de son \u00e9tude. Elle y constate que le moyen de d\u00e9placement le plus utilis\u00e9 par les seniors demeure la marche \u00e0 pied. Vient ensuite l\u2019autobus, suivi de pr\u00e8s par la voiture. Avec, d\u00e9j\u00e0, le probl\u00e8me du suivi m\u00e9dical des conducteurs plus \u00e2g\u00e9s qui perdent progressivement les facult\u00e9s indispensables \u00e0 une bonne conduite. L\u2019occasion pour Martine Amey-Vorlet d\u2019\u00e9voquer les services de transports sp\u00e9cialis\u00e9s destin\u00e9s aux a\u00een\u00e9s\u00a0: la Croix-Rouge et son service de transports b\u00e9n\u00e9voles, le service de taxis vieillesse de Param\u00e9dica Service SA ainsi que le service Passe-Partout organis\u00e9 par Pro Senectute et Pro Infirmis.<\/p>\n<p>L\u2019auteure, dans sa conclusion, se r\u00e9jouit de la vari\u00e9t\u00e9 des moyens de transports mis \u00e0 disposition dans le Grand Fribourg tout en insistant sur l\u2019importance de la mobilit\u00e9 pour les retrait\u00e9s. Elle d\u00e9plore toutefois \u00ab\u00a0le manque d\u2019information en ce qui concerne les revendications et le bien-\u00eatre des personnes inactives de la soci\u00e9t\u00e9, ainsi que celles n\u2019ayant pas d\u2019automobile, dans la planification r\u00e9gionale des transports\u00a0\u00bb. Comme les retrait\u00e9s constituent l\u2019essentiel de ces personnes que l\u2019on ne prend pas assez en consid\u00e9ration, Martine Amey-Vorlet en en appelle \u00e0 combler cette lacune et \u00e0 se pencher \u00e0 tous les niveaux sur les questions en lien avec le vieillissement de la population.<\/p>\n<p>Le Cercle, de son c\u00f4t\u00e9, se soucie de ses propres a\u00een\u00e9s dans le sillage du parti lib\u00e9ral-radical de la capitale avec lequel il a des liens privil\u00e9gi\u00e9s. Les archives du Cercle nous ont livr\u00e9 un document datant de 1997 sign\u00e9 par Jean-Claude Bardy. Celui-ci nous apprend que le PLR \u00ab\u00a0a d\u00e9cid\u00e9 la cr\u00e9ation du Club des seniors radicaux de Fribourg et environs\u00a0\u00bb qui a pour but d\u2019organiser une rencontre mensuelle ou une visite \u00ab\u00a0\u00e0 Fribourg, dans les environs ou ailleurs. La premi\u00e8re visite a eu lieu le lundi 3 novembre 1997 au centre informatique Swisscom de Villars-sur-Gl\u00e2ne. Et l\u2019on apprend dans ce m\u00eame document que \u00ab\u00a0sont cordialement invit\u00e9s \u00e0 participer \u00e0 cette visite tous les retrait\u00e9s (messieurs et dames) membres du PLR de la Ville de Fribourg, d\u2019un cercle de Sarine-Campagne ou du Cercle litt\u00e9raire et de commerce\u00a0\u00bb. Nous avons \u00e9galement retrouv\u00e9 dans les archives la trace de quelques autres visites effectu\u00e9es dans ce m\u00eame contexte\u00a0: la Maison de Ville de Fribourg en 1999, la Cath\u00e9drale St-Nicolas en 2002 ou encore Manor la m\u00eame ann\u00e9e. Ce sont \u00e9galement plut\u00f4t des anciens qui ont pris l\u2019habitude de partager un repas le premier mardi de chaque mois et ce m\u00eame si la fr\u00e9quentation a tendance \u00e0 baisser.<\/p>\n<p>Pour en revenir au sujet de l\u2019\u00e9tude de Martine Amey-Vorlet, on constate que, 25 ans plus tard, les moyens de transport se sont consid\u00e9rablement am\u00e9lior\u00e9s. Plus de lignes et des cadences bien meilleures en ce qui concerne les transports publics par exemple. Mais aussi une circulation satur\u00e9e dans laquelle les bus sont noy\u00e9s vu qu\u2019ils disposent de relativement peu de couloirs prioritaires. Et une situation qui n\u2019est pas pr\u00eate de s\u2019am\u00e9liorer avec une population qui augmente et qui vieillit. De quoi explorer de nouvelles possibilit\u00e9s comme le projet de m\u00e9tro c\u00e2ble reliant la gare de Fribourg \u00e0 l\u2019autoroute A12 avec un arr\u00eat interm\u00e9diaire \u00e0 l\u2019H\u00f4pital cantonal. Un projet pour lequel l\u2019ing\u00e9nieur Rapha\u00ebl Casazza, Conseiller g\u00e9n\u00e9ral PLR de la ville de Fribourg, a r\u00e9alis\u00e9 une \u00e9tude pr\u00e9liminaire de faisabilit\u00e9 fin 2015.<\/p>\n<p>Pour conclure, nous ne pouvons nous emp\u00eacher de faire le lien avec le discours prononc\u00e9 par l\u2019actuel Pr\u00e9sident du Cercle, Albert Nussbaumer, \u00e0 l\u2019occasion du 200<sup>e<\/sup> anniversaire. S\u2019exprimant \u00e0 propos du futur du Cercle, il d\u00e9clarait\u00a0: \u00ab\u00a0le Cercle pourrait avoir comme ambition d\u2019\u00eatre, \u00e0 l\u2019avenir, plus un laboratoire d\u2019id\u00e9es qu\u2019un lieu d\u2019influence politique\u00a0\u00bb. Fort de son ind\u00e9pendance, il estimait que le Cercle a et aura un certain nombre de choses \u00e0 dire. Et notamment \u00e0 propos du th\u00e8me du vieillissement de la population qui demeure tr\u00e8s actuel.<\/p>\n<p>Il consid\u00e8re que le cercle se devra \u00ab\u00a0de dire que la population vieillit, et que le cri lanc\u00e9 par Pascal Couchepin il y a quelques ann\u00e9es doit maintenant trouver une r\u00e9ponse, que nous devons organiser notre soci\u00e9t\u00e9 de fa\u00e7on telle que chacun se forme, puis travaille, beaucoup, puis un peu moins, puis plus du tout, tout en vivant correctement\u00a0\u00bb.<\/p>\n","protected":false},"excerpt":{"rendered":"<p>Pas d\u2019invit\u00e9 illustre pour le 175e anniversaire du Cercle. Et m\u00eame pas de discours pr\u00e9sidentiel si l\u2019on en croit le programme des festivit\u00e9s. Mais le souci de revenir aux sources avec un expos\u00e9 historique du Dr. Jean Dubas portant sur la p\u00e9riode des origines du Cercle qui fut une p\u00e9riode tr\u00e8s int\u00e9ressante de l\u2019histoire de [&hellip;]<\/p>\n","protected":false},"author":1,"featured_media":0,"parent":0,"menu_order":0,"comment_status":"closed","ping_status":"closed","template":"","meta":{"footnotes":""},"class_list":["post-186","page","type-page","status-publish","hentry"],"_links":{"self":[{"href":"https:\/\/cercle-lc.ch\/wordpress\/wp-json\/wp\/v2\/pages\/186","targetHints":{"allow":["GET"]}}],"collection":[{"href":"https:\/\/cercle-lc.ch\/wordpress\/wp-json\/wp\/v2\/pages"}],"about":[{"href":"https:\/\/cercle-lc.ch\/wordpress\/wp-json\/wp\/v2\/types\/page"}],"author":[{"embeddable":true,"href":"https:\/\/cercle-lc.ch\/wordpress\/wp-json\/wp\/v2\/users\/1"}],"replies":[{"embeddable":true,"href":"https:\/\/cercle-lc.ch\/wordpress\/wp-json\/wp\/v2\/comments?post=186"}],"version-history":[{"count":3,"href":"https:\/\/cercle-lc.ch\/wordpress\/wp-json\/wp\/v2\/pages\/186\/revisions"}],"predecessor-version":[{"id":190,"href":"https:\/\/cercle-lc.ch\/wordpress\/wp-json\/wp\/v2\/pages\/186\/revisions\/190"}],"wp:attachment":[{"href":"https:\/\/cercle-lc.ch\/wordpress\/wp-json\/wp\/v2\/media?parent=186"}],"curies":[{"name":"wp","href":"https:\/\/api.w.org\/{rel}","templated":true}]}}