{"id":209,"date":"2017-05-19T11:06:58","date_gmt":"2017-05-19T11:06:58","guid":{"rendered":"http:\/\/www.cercle-lc.ch\/?page_id=209"},"modified":"2017-05-19T11:32:50","modified_gmt":"2017-05-19T11:32:50","slug":"1979-lentree-des-femmes-dans-le-cercle","status":"publish","type":"page","link":"https:\/\/cercle-lc.ch\/wordpress\/1979-lentree-des-femmes-dans-le-cercle\/","title":{"rendered":"1979 : l\u2019entr\u00e9e des femmes dans le Cercle"},"content":{"rendered":"<p>Le 8 f\u00e9vrier 1971 a constitu\u00e9 une ann\u00e9e tr\u00e8s importante dans l\u2019histoire de notre d\u00e9mocratie et cette date est \u00e0 marquer d\u2019une pierre blanche pour les femmes de ce pays. C\u2019est ce jour-l\u00e0 qu\u2019a eu lieu une votation populaire sur l\u2019introduction du suffrage f\u00e9minin au niveau f\u00e9d\u00e9ral et cantonal pour certains cantons comme Fribourg qui n\u2019avaient pas encore fait le pas. C\u2019est l\u2019aboutissement d\u2019un tr\u00e8s long combat commenc\u00e9 en 1893. C\u2019est en effet cette ann\u00e9e-l\u00e0 qu\u2019une association cr\u00e9\u00e9e trois ans plus t\u00f4t, l\u2019Union suisse des Ouvri\u00e8res, a r\u00e9clam\u00e9 pour la premi\u00e8re fois le suffrage f\u00e9minin. Le Comit\u00e9 central de l\u2019une des plus anciennes soci\u00e9t\u00e9s d\u2019\u00e9tudiants de Suisse, la Soci\u00e9t\u00e9 de Zofingue, se pencha sur cette question en juin 1901. Ses membres s\u2019oppos\u00e8rent au suffrage f\u00e9minin en mettant en avant le fait que le cerveau f\u00e9minin \u00e9tait moins d\u00e9velopp\u00e9. Et un participant ajouta m\u00eame qu\u2019en s\u2019int\u00e9ressant \u00e0 la politique les femmes perdraient \u00ab ce charme de gr\u00e2ce qui est le plus bel apanage de leur sexe\u00a0\u00bb. Trois ans plus tard, le parti socialiste inscrit le suffrage f\u00e9minin dans son programme. Mais il existe encore une majorit\u00e9 de citoyens helv\u00e9tiques qui redoutent que, si les femmes se mettent \u00e0 faire de la politique, elles vont n\u00e9gliger leurs t\u00e2ches m\u00e9nag\u00e8res et leurs devoirs maternels. Pas loin de l\u2019argumentation actuelle de certains UDC attach\u00e9s \u00e0 la notion de famille traditionnelle o\u00f9 la m\u00e8re, en priorit\u00e9, s\u2019occupe de ses enfants. En 1909 est cr\u00e9\u00e9e l\u2019Association suisse pour le suffrage f\u00e9minin (ASSF). Trois ans plus tard, les d\u00e9put\u00e9s socialistes saint-gallois demandent en vain l\u2019introduction du suffrage f\u00e9minin dans leur canton. D\u2019autres cantons suivent pendant et apr\u00e8s le premier conflit mondial sans plus de succ\u00e8s. C\u2019est aussi pendant la guerre que sont d\u00e9pos\u00e9es au Conseil national deux motions en faveur du suffrage f\u00e9minin sur le plan f\u00e9d\u00e9ral. Elles sont transform\u00e9es en postulats. Mais le gouvernement va les oublier all\u00e8grement pendant des d\u00e9cennies.<\/p>\n<figure id=\"attachment_211\" aria-describedby=\"caption-attachment-211\" style=\"width: 290px\" class=\"wp-caption aligncenter\"><img loading=\"lazy\" decoding=\"async\" class=\"wp-image-211 size-full\" src=\"https:\/\/cercle-lc.ch\/wordpress\/wp-content\/uploads\/2017\/05\/Femme.jpg\" alt=\"\" width=\"290\" height=\"409\" srcset=\"https:\/\/cercle-lc.ch\/wordpress\/wp-content\/uploads\/2017\/05\/Femme.jpg 290w, https:\/\/cercle-lc.ch\/wordpress\/wp-content\/uploads\/2017\/05\/Femme-213x300.jpg 213w\" sizes=\"auto, (max-width: 290px) 100vw, 290px\" \/><figcaption id=\"caption-attachment-211\" class=\"wp-caption-text\">1920. Source : Biblioth\u00e8que de Gen\u00e8ve<\/figcaption><\/figure>\n<p>&nbsp;<\/p>\n<p>En 1929, l\u2019ASSF, avec le soutien du parti socialiste, des syndicats et d\u2019autres associations f\u00e9ministes d\u00e9pose une p\u00e9tition au niveau national sign\u00e9e par 249\u00a0237 personnes (78\u00a0840 hommes, 170\u00a0397 femmes). Une fois encore sans que cela ne d\u00e9bouche sur des r\u00e9sultats tangibles. La crise des ann\u00e9es 30 renforce les tendances conservatrices et ne sert clairement pas la cause du suffrage f\u00e9minin. De nouvelles et vaines tentatives ont lieu \u00e0 divers niveaux (communal, cantonal et national) pendant et apr\u00e8s le 2<sup>e<\/sup> conflit mondial. En 1951, le Conseil f\u00e9d\u00e9ral consid\u00e8re dans un rapport qu\u2019au vu de tous ces \u00e9checs l\u2019organisation d\u2019une votation f\u00e9d\u00e9rale sur le sujet serait pr\u00e9matur\u00e9e.<\/p>\n<p>En 1957, trois communes bourgeoises de B\u00e2le-Ville sont autoris\u00e9es par le canton \u00e0 introduire le suffrage f\u00e9minin. Et la premi\u00e8re \u00e0 mettre la chose en pratique sera la commune de Riehen le 26 juin 1958. C\u2019est en 1957 \u00e9galement que le Conseil f\u00e9d\u00e9ral entend imposer aux femmes l\u2019obligation de servir dans la protection civile. Beaucoup d\u2019associations f\u00e9minines s\u2019y opposent vu que les femmes n\u2019ont toujours pas de droits politiques. Du coup, le Conseil f\u00e9d\u00e9ral pr\u00e9sente un projet de votation sur le suffrage f\u00e9minin. En 1959, c\u2019est le non qui l\u2019emporte par 654\u00a0939 voix (66,9%) contre 323\u00a0727 (33%), avec un taux de participation de 66,7%. Trois cantons romands acceptent toutefois\u00a0: Vaud, Gen\u00e8ve et Neuch\u00e2tel. Du coup, le canton de Vaud accorde cette ann\u00e9e-l\u00e0 le droit de vote aux femmes sur le plan communal et cantonal, imit\u00e9 en cela par le canton de Neuch\u00e2tel et, en 1960, par celui de Gen\u00e8ve. La Suisse al\u00e9manique attendra encore un peu. Les pionniers, de l\u2019autre c\u00f4t\u00e9 de la Sarine, seront B\u00e2le-Ville en 1966 et B\u00e2le-Campagne en 1968. Quant au Tessin, il faudra attendre 1969.<\/p>\n<p>En 1968, une nouvelle pol\u00e9mique surgit car la Suisse envisage de signer la Convention europ\u00e9enne des droits de l\u2019homme tout en excluant le suffrage f\u00e9minin. L\u2019ASSF organise une marche sur Berne. Pour apaiser les tensions, le Conseil f\u00e9d\u00e9ral se d\u00e9p\u00eache d\u2019\u00e9laborer un nouveau projet concernant le droit de vote des femmes. Le fruit semblant m\u00fbr cette fois-ci, aucun parti ne milite contre pour ne pas se priver d\u2019un \u00e9lectorat potentiel. Du coup, le 7 f\u00e9vrier 1971, c\u2019est un oui en faveur du droit de vote et d\u2019\u00e9ligibilit\u00e9 des femmes au niveau f\u00e9d\u00e9ral qui sort des urnes. Et un oui assez franc (65,7%) avec un taux de participation de 57,7%. On observera toutefois que six cantons et deux demi-cantons ont refus\u00e9: Appenzell Rhodes-Ext\u00e9rieures et Rhodes-Int\u00e9rieures, Glaris, Obwald, Schwytz, Saint-Gall, Thurgovie et Uri. La majorit\u00e9 des cantons, dont celui de Fribourg, l&rsquo;introduisent au niveau cantonal dans la foul\u00e9e.<\/p>\n<p>Le Cercle a d\u00e9cid\u00e9, bien plus t\u00f4t que d\u2019autres groupements fribourgeois du m\u00eame genre, d\u2019accueillir les femmes en tant que membres. Certains n\u2019ont du reste toujours pas encore franchi le pas en 2016. Les deux premi\u00e8res femmes membres du Cercle ont fait leur entr\u00e9e en 1979\u00a0: il s\u2019agit de Marie-Jeanne Dubas et de Liselotte Spreng. Nous nous sommes d\u00e8s lors demand\u00e9 s\u2019il existait un lien avec l\u2019introduction du suffrage f\u00e9minin et l\u2019entr\u00e9e des femmes en politique. Au vu des contacts \u00e9troits qui existent avec le parti radical, cela nous semblait logique. Malheureusement, nous n\u2019avons pas trouv\u00e9 de traces \u00e9crites de la chose dans les archives du Cercle. Nous avons par contre pu contacter Marie-Jeanne Dubas qui nous a aimablement accord\u00e9 un entretien. Elle n\u2019a toutefois pas \u00e9t\u00e9 en mesure de nous dire qui a lanc\u00e9 l\u2019id\u00e9e d\u2019admettre les femmes dans le Cercle ni si la chose avait suscit\u00e9 des d\u00e9bats. Bernard Garnier, \u00e9galement consult\u00e9 \u00e0 ce sujet, n\u2019a pas non plus \u00e9t\u00e9 en mesure de nous \u00e9clairer \u00e0 ce propos. Marie-Jeanne Dubas pense toutefois que tout cela \u00ab\u00a0s\u2019est sans doute fait tr\u00e8s naturellement\u00a0\u00bb. Son parcours de vie l\u2019a amen\u00e9e \u00e0 venir s\u2019installer \u00e0 Fribourg en 1968 pour s\u2019occuper personnellement de la pharmacie paternelle. Comme elle nous l\u2019a d\u00e9clar\u00e9\u00a0: \u00ab\u00a0C\u2019est M. Nussbaumer qui m\u2019a approch\u00e9e pour \u00eatre membre du parti radical\u00a0\u00bb. Elle a accept\u00e9 \u00e9tant donn\u00e9 qu\u2019elle appartenait \u00e0 une famille de tradition radicale. Cela lui a permis de faire une l\u00e9gislature en tant que d\u00e9put\u00e9e au Grand Conseil. Comme elle nous l\u2019a affirm\u00e9\u00a0: \u00ab\u00a0En tant que femmes, nous \u00e9tions tr\u00e8s minoritaires et nous avons t\u00e2ch\u00e9 de bien travailler\u00a0\u00bb. Et son entr\u00e9e dans le Cercle s\u2019est faite selon elle dans la foul\u00e9e de son engagement politique. Quant \u00e0 l\u2019autre membre f\u00e9minin de 1979, Liselotte Spreng, d\u00e9c\u00e9d\u00e9e en 1992, son parcours accr\u00e9dite l\u2019hypoth\u00e8se selon laquelle le Cercle se serait inscrit dans l\u2019air du temps en acceptant les femmes. En effet, Liselotte Spreng a \u00e9t\u00e9 membre puis pr\u00e9sidente en 1967 de l\u2019Association fribourgeoise pour le suffrage f\u00e9minin. Elle est consid\u00e9r\u00e9e comme une pionni\u00e8re du f\u00e9minisme dans le canton de Fribourg. Elle aussi a \u00e9t\u00e9 d\u00e9put\u00e9e radicale au Grand Conseil de 1971 \u00e0 1976 et m\u00eame Conseill\u00e8re nationale de 1971 \u00e0 1983. A ce titre elle est entr\u00e9e dans l\u2019Histoire de notre canton en tant que premi\u00e8re parlementaire fribourgeoise \u00e0 Berne. Quant \u00e0 Marie-Jeanne Dubas, elle a encore pu nous apprendre qu\u2019elles avaient toutes les deux \u00e9t\u00e9 bien accueillies, notamment par Jean Aebischer et Jean-Claude Bardy. Ce qu\u2019elle a appr\u00e9ci\u00e9 car, de son propre aveu, elle \u00e9tait \u00ab\u00a0un peu timide\u00a0\u00bb.<\/p>\n","protected":false},"excerpt":{"rendered":"<p>Le 8 f\u00e9vrier 1971 a constitu\u00e9 une ann\u00e9e tr\u00e8s importante dans l\u2019histoire de notre d\u00e9mocratie et cette date est \u00e0 marquer d\u2019une pierre blanche pour les femmes de ce pays. C\u2019est ce jour-l\u00e0 qu\u2019a eu lieu une votation populaire sur l\u2019introduction du suffrage f\u00e9minin au niveau f\u00e9d\u00e9ral et cantonal pour certains cantons comme Fribourg qui [&hellip;]<\/p>\n","protected":false},"author":1,"featured_media":0,"parent":0,"menu_order":0,"comment_status":"closed","ping_status":"closed","template":"","meta":{"footnotes":""},"class_list":["post-209","page","type-page","status-publish","hentry"],"_links":{"self":[{"href":"https:\/\/cercle-lc.ch\/wordpress\/wp-json\/wp\/v2\/pages\/209","targetHints":{"allow":["GET"]}}],"collection":[{"href":"https:\/\/cercle-lc.ch\/wordpress\/wp-json\/wp\/v2\/pages"}],"about":[{"href":"https:\/\/cercle-lc.ch\/wordpress\/wp-json\/wp\/v2\/types\/page"}],"author":[{"embeddable":true,"href":"https:\/\/cercle-lc.ch\/wordpress\/wp-json\/wp\/v2\/users\/1"}],"replies":[{"embeddable":true,"href":"https:\/\/cercle-lc.ch\/wordpress\/wp-json\/wp\/v2\/comments?post=209"}],"version-history":[{"count":2,"href":"https:\/\/cercle-lc.ch\/wordpress\/wp-json\/wp\/v2\/pages\/209\/revisions"}],"predecessor-version":[{"id":214,"href":"https:\/\/cercle-lc.ch\/wordpress\/wp-json\/wp\/v2\/pages\/209\/revisions\/214"}],"wp:attachment":[{"href":"https:\/\/cercle-lc.ch\/wordpress\/wp-json\/wp\/v2\/media?parent=209"}],"curies":[{"name":"wp","href":"https:\/\/api.w.org\/{rel}","templated":true}]}}