{"id":222,"date":"2017-05-19T12:39:46","date_gmt":"2017-05-19T12:39:46","guid":{"rendered":"http:\/\/www.cercle-lc.ch\/?page_id=222"},"modified":"2020-11-16T17:51:52","modified_gmt":"2020-11-16T15:51:52","slug":"immeubles-et-creation-de-la-fondation-du-cercle","status":"publish","type":"page","link":"https:\/\/cercle-lc.ch\/wordpress\/immeubles-et-creation-de-la-fondation-du-cercle\/","title":{"rendered":"Immeubles et cr\u00e9ation de la Fondation du Cercle"},"content":{"rendered":"<p>La plaquette comm\u00e9morative du 150<sup>e<\/sup> anniversaire du Cercle donne d\u2019amples pr\u00e9cisions sur les premiers locaux occup\u00e9s. La soci\u00e9t\u00e9 suit l\u2019\u00e9volution et le d\u00e9veloppement de la Ville, se d\u00e9pla\u00e7ant g\u00e9ographiquement du centre historique vers la gare pour se fixer en p\u00e9riph\u00e9rie \u00e0 partir des ann\u00e9es 1970. Les premi\u00e8res ann\u00e9es d\u2019existence, on se r\u00e9unit \u00e0 la rue de Lausanne jusqu\u2019au 23 juin 1824 o\u00f9 le Cercle devient copropri\u00e9taire d\u2019un immeuble situ\u00e9 \u00e0 l\u2019angle de la Place Notre-Dame, l\u2019H\u00f4tel des Marchands ou des Merciers. Il sera le lieu de r\u00e9union incontournable des lib\u00e9raux-radicaux durant 78 ans. Ignace Th\u00fcrler, lieutenant-colonel et pr\u00e9sident du Cercle de 1843 \u00e0 1844, en est le tenancier depuis 1831.<\/p>\n<figure id=\"attachment_223\" aria-describedby=\"caption-attachment-223\" style=\"width: 530px\" class=\"wp-caption aligncenter\"><img loading=\"lazy\" decoding=\"async\" class=\"wp-image-223 size-full\" src=\"https:\/\/cercle-lc.ch\/wordpress\/wp-content\/uploads\/2017\/05\/AncienHotelMerciersCPA1903_1907_21072016.jpg\" alt=\"\" width=\"530\" height=\"387\" srcset=\"https:\/\/cercle-lc.ch\/wordpress\/wp-content\/uploads\/2017\/05\/AncienHotelMerciersCPA1903_1907_21072016.jpg 530w, https:\/\/cercle-lc.ch\/wordpress\/wp-content\/uploads\/2017\/05\/AncienHotelMerciersCPA1903_1907_21072016-300x219.jpg 300w\" sizes=\"auto, (max-width: 530px) 100vw, 530px\" \/><figcaption id=\"caption-attachment-223\" class=\"wp-caption-text\">Ancien h\u00f4tel et caf\u00e9 des Merciers, photographie de Prosper Macherel, entre 1903 et 1907, carte postale<\/figcaption><\/figure>\n<p>En 1902, l\u2019immeuble qui \u00abmena\u00e7ait ruine\u00bb selon l\u2019architecte L\u00e9on Hertling, devient propri\u00e9t\u00e9 de la Banque de l\u2019Etat de Fribourg. Cette derni\u00e8re emm\u00e9nage \u00e0 la fin novembre 1907. Le Cercle a anticip\u00e9 ces changements majeurs en devenant propri\u00e9taire de l\u2019ancienne villa de Camille Morel-Mollet \u2014 le fascicule comm\u00e9moratif de 1966 mentionne faussement le nom de Mallet \u2014, construite selon les plans de l\u2019entrepreneur Joseph Fischer en 1891 dans le nouveau quartier de St-Pierre. C\u2019est Adolphe Fraisse (6 ao\u00fbt 1835 \u00e0 Ferney-Voltaire \u2014 27 septembre 1900 \u00e0 Berne) qui est le concepteur de l\u2019extension du quartier de St-Pierre dont le plan est dessin\u00e9 en 1888. Cette zone comporte des immeubles de rapports et des activit\u00e9s ind\u00e9pendantes \u00e0 proximit\u00e9 de la gare construite \u00e0 la fin des ann\u00e9es 1870.<\/p>\n<figure id=\"attachment_225\" aria-describedby=\"caption-attachment-225\" style=\"width: 530px\" class=\"wp-caption aligncenter\"><img loading=\"lazy\" decoding=\"async\" class=\"wp-image-225 size-full\" src=\"https:\/\/cercle-lc.ch\/wordpress\/wp-content\/uploads\/2017\/05\/RueSt_PierreCartePostale_21072016.jpg\" alt=\"\" width=\"530\" height=\"354\" srcset=\"https:\/\/cercle-lc.ch\/wordpress\/wp-content\/uploads\/2017\/05\/RueSt_PierreCartePostale_21072016.jpg 530w, https:\/\/cercle-lc.ch\/wordpress\/wp-content\/uploads\/2017\/05\/RueSt_PierreCartePostale_21072016-300x200.jpg 300w\" sizes=\"auto, (max-width: 530px) 100vw, 530px\" \/><figcaption id=\"caption-attachment-225\" class=\"wp-caption-text\">La rue Saint-Pierre vers 1904 d\u2019apr\u00e8s une ancienne carte postale. Le b\u00e2timent du Cercle \u2014 ancienne villa Moret-Mollet est reconnaissable \u00e0 gauche en avant-derni\u00e8re position derri\u00e8re la tourelle<\/figcaption><\/figure>\n<p>L\u2019actuel immeuble de la rue Saint-Pierre 8, anciennement au num\u00e9ro 24, (b\u00e2timent de l\u2019<em>Helvetia Vie<\/em>, construit selon les plans de Jacques Jaeger entre 1973 et 1976\u00a0; aujourd\u2019hui s\u2019y trouve la succursale de la <em>CSS <\/em>et de<em> Bank Now<\/em>), devient le nouveau si\u00e8ge. Jusqu\u2019en 1973, le Cercle y tient r\u00e9guli\u00e8rement selon la tradition ses r\u00e9unions et ses banquets. D\u00e8s 1963, des \u00e9tudes sont men\u00e9es pour assainir le b\u00e2timent, mais ces d\u00e9marches indiquent que les co\u00fbts seront impossibles \u00e0 supporter. Parall\u00e8lement \u00e0 ces consid\u00e9rations mat\u00e9rielles na\u00eet l\u2019id\u00e9e de la cr\u00e9ation d\u2019une Fondation. Les archives du Cercle contiennent le proc\u00e8s-verbal manuscrit de la s\u00e9ance du comit\u00e9 se d\u00e9roulant le 11 novembre 1969 \u00e0 17h00. Les principales pr\u00e9occupations sont les suivantes : le souci de la d\u00e9molition du b\u00e2timent pr\u00e9vue pour mars de l\u2019ann\u00e9e suivante et son report \u00e0 la fin juillet\u00a0; la difficult\u00e9 de d\u00e9signer le fils du tenancier, alors gravement malade, comme successeur\u00a0; la renonciation \u00e0 l\u2019exploitation du dancing <em>Embassy<\/em> et, enfin, l\u2019id\u00e9e d\u2019une fondation n\u00e9cessitant la r\u00e9vision des statuts du Cercle. Toute l\u2019efficacit\u00e9 du comit\u00e9 de l\u2019\u00e9poque pour traiter ces objets se mesure au chronom\u00e8tre\u00a0: la s\u00e9ance est lev\u00e9e \u00e0 18h45.<\/p>\n<p>Les statuts sont adopt\u00e9s en assembl\u00e9e g\u00e9n\u00e9rale le 25 juin 1970, \u00e0 18h15, dans une salle du restaurant de la Grenette, par un coup d\u2019ironie de l\u2019Histoire, \u00e0 proximit\u00e9 du premier local occup\u00e9 par le Cercle un si\u00e8cle plus t\u00f4t. La Fondation devient la concr\u00e9tisation d\u2019une r\u00e9flexion men\u00e9e depuis quelques ann\u00e9es au sein du Cercle. Si son but est \u00abde favoriser la formation civique des citoyens et citoyennes et leur participation \u00e0 la vie politique et culturelle de la cit\u00e9 dans le respect des principes lib\u00e9raux d\u2019une saine d\u00e9mocratie\u00bb (article 3), un second objectif est d\u2019affecter \u00e0 la Fondation les immeubles dont il est propri\u00e9taire, \u00e0 savoir le b\u00e2timent de la rue St-Pierre et ses d\u00e9pendances. Cet aspect devient probl\u00e9matique pour le Cercle d\u00e8s 1971.<\/p>\n<p>Les s\u00e9ances du Comit\u00e9 durant cette ann\u00e9e sont focalis\u00e9es sur la question immobili\u00e8re. R\u00e9unions entre propri\u00e9taires, corrections des mesures r\u00e9alis\u00e9es par les g\u00e9om\u00e8tres, projets de location du rez-de-chauss\u00e9e de l\u2019immeuble voisin durant la p\u00e9riode des transformations, mandats \u00e0 confier \u00e0 des entreprises, contacts avec la Ville de Fribourg et les banques, renouvellement des patentes du dancing, appels d\u2019offres et soumissions sont le menu principal des discussions. Les octrois des pr\u00eats hypoth\u00e9caires ne sont pas \u00e0 la hauteur des esp\u00e9rances, ce qui implique de revoir enti\u00e8rement le plan de financement et de rendement locatif (12 novembre 1971).<\/p>\n<p>Un document capital pour comprendre l\u2019histoire du Cercle, estampill\u00e9 \u00abConfidentiel\u00bb, est le projet du rapport du Conseil de Fondation dat\u00e9 du 26 janvier 1972 pour l\u2019assembl\u00e9e g\u00e9n\u00e9rale du 4 f\u00e9vrier 1972. C\u2019est un bilan de la situation malheureuse dans laquelle se trouve le Cercle. Les travaux de d\u00e9molition ont pris du retard, le propri\u00e9taire voisin dont d\u00e9pend l\u2019acc\u00e8s au chantier ne respecte pas le calendrier en d\u00e9pit de ses promesses, la Ville de Fribourg et l\u2019Etat tra\u00eenent les pieds pour octroyer le permis de construire. Mais le pire reste \u00e0 craindre. A la veille de la crise p\u00e9troli\u00e8re, les prix flambent. Le co\u00fbt de construction du nouveau b\u00e2timent prend l\u2019ascenseur\u00a0: le devis a presque doubl\u00e9 en une ann\u00e9e. Dans ces conditions, le<\/p>\n<figure id=\"attachment_230\" aria-describedby=\"caption-attachment-230\" style=\"width: 1989px\" class=\"wp-caption aligncenter\"><img loading=\"lazy\" decoding=\"async\" class=\"size-full wp-image-230\" src=\"https:\/\/cercle-lc.ch\/wordpress\/wp-content\/uploads\/2017\/05\/B\u00e2timent-Rue-St-Pierre-24_2.jpg\" alt=\"\" width=\"1989\" height=\"1422\" srcset=\"https:\/\/cercle-lc.ch\/wordpress\/wp-content\/uploads\/2017\/05\/B\u00e2timent-Rue-St-Pierre-24_2.jpg 1989w, https:\/\/cercle-lc.ch\/wordpress\/wp-content\/uploads\/2017\/05\/B\u00e2timent-Rue-St-Pierre-24_2-300x214.jpg 300w, https:\/\/cercle-lc.ch\/wordpress\/wp-content\/uploads\/2017\/05\/B\u00e2timent-Rue-St-Pierre-24_2-768x549.jpg 768w, https:\/\/cercle-lc.ch\/wordpress\/wp-content\/uploads\/2017\/05\/B\u00e2timent-Rue-St-Pierre-24_2-1024x732.jpg 1024w\" sizes=\"auto, (max-width: 1989px) 100vw, 1989px\" \/><figcaption id=\"caption-attachment-230\" class=\"wp-caption-text\">Vue d\u2019une partie de la fa\u00e7ade de l\u2019immeuble de la rue St-Pierre, avec l\u2019enseigne de l<em>\u2019Embassy<\/em> et les \u00e9chafaudages, symbole de la modernisation du quartier, sans date, archives du Cercle<\/figcaption><\/figure>\n<p>rendement bas\u00e9 sur les locations n\u2019est plus garanti, les risques sont trop importants. Au c\u0153ur du faisceau des vents contraires qui s\u2019abattent sur le projet, une derni\u00e8re estocade est port\u00e9e. Le Cercle consid\u00e8re comme une conspiration men\u00e9e \u00abpar le Conseil d\u2019Etat, avec la complicit\u00e9 de la Pr\u00e9fecture et de la direction de la Police locale\u00bb le fait de d\u00e9livrer \u00abde mani\u00e8re inconsid\u00e9r\u00e9e des patentes de bar-dancing \u00e0 la plupart de ceux qui en font la demande\u00bb. Le souffle de mai 68 est pass\u00e9 par Fribourg\u00a0: sa jeunesse est friande de nouveaux loisirs. Le dancing du Cercle est soumis \u00e0 une forte concurrence. Le permis de construire est enfin d\u00e9livr\u00e9 le 5 mars 1972, incluant une obligation de cr\u00e9er un parking souterrain que la Fondation consid\u00e8re comme irr\u00e9alisable. Fort de ces constats, le Comit\u00e9 soumet \u00e0 tous les membres l\u2019id\u00e9e d\u2019abandonner la construction en faveur d\u2019une vente en esp\u00e9rant trouver un acqu\u00e9reur acceptant de payer un gros prix pour une situation attrayante au c\u0153ur de la Ville. Ce changement de strat\u00e9gie, difficile \u00e0 assumer mais accept\u00e9 sans grandes discussions, se r\u00e9v\u00e8lera payant.<\/p>\n<p>Apr\u00e8s avoir pass\u00e9 au peigne fin l\u2019ensemble des plans financiers et avoir tenu compte des projections, le Conseil de Fondation d\u00e9cide \u00e0 l\u2019unanimit\u00e9 le jeudi 25 avril de pr\u00e9senter la proposition de la vente de la parcelle de la rue St-Pierre \u00e0 l\u2019assembl\u00e9e g\u00e9n\u00e9rale du Cercle qui se tient 2 jours plus tard. C\u2019est le moment de prendre une d\u00e9cision d\u00e9finitive. Le rapport insiste sur le risque trop important de d\u00e9pendre d\u2019une location d\u2019une partie de ses locaux sans garantie de prot\u00e9ger le patrimoine. \u00abCe risque, insiste-t-on, le Conseil de Fondation ne l\u2019entend pas l\u2019assumer\u00bb. Le pragmatisme prime sur l\u2019id\u00e9alisme, aux d\u00e9pens de certains membres ayant invoqu\u00e9 par le pass\u00e9 des raisons de prestige pour le maintien du Cercle au centre-ville.<\/p>\n<p>Le Cercle et la Fondation ne sont pas au bout de leur peine. Il faut r\u00e9gler la question de l\u2019imposition sur le gain immobilier qui, s\u2019il est converti en imp\u00f4t sur la plus-value,\u00a0permet de diminuer la facture de moiti\u00e9. Le Conseil de Fondation sollicite une entrevue avec le Conseiller d\u2019Etat Arnold Waeber (n\u00e9 le 27 janvier 1923 \u00e0 Tavel \u2014 d\u00e9c\u00e8de le 8 mai 1988 d\u2019une crise<\/p>\n<figure id=\"attachment_229\" aria-describedby=\"caption-attachment-229\" style=\"width: 352px\" class=\"wp-caption aligncenter\"><img loading=\"lazy\" decoding=\"async\" class=\"size-full wp-image-229\" src=\"https:\/\/cercle-lc.ch\/wordpress\/wp-content\/uploads\/2017\/05\/STPIERRE.jpg\" alt=\"\" width=\"352\" height=\"470\" srcset=\"https:\/\/cercle-lc.ch\/wordpress\/wp-content\/uploads\/2017\/05\/STPIERRE.jpg 352w, https:\/\/cercle-lc.ch\/wordpress\/wp-content\/uploads\/2017\/05\/STPIERRE-225x300.jpg 225w\" sizes=\"auto, (max-width: 352px) 100vw, 352px\" \/><figcaption id=\"caption-attachment-229\" class=\"wp-caption-text\">La rue Saint-Pierre 8 boucl\u00e9e le jeudi 9 juin 2011 suite \u00e0 l\u2019envoi d\u2019une enveloppe suspecte adress\u00e9e \u00e0 un bureau de l\u2019immeuble. En raison du risque qu\u2019il s\u2019agisse d\u2019anthrax, l\u2019\u00e9vacuation s\u2019est faite aux alentours de 10h30. Les analyses ont indiqu\u00e9 par la suite qu\u2019il s\u2019agissait de coca\u00efne et d\u2019h\u00e9ro\u00efne (photo 20minutes)<\/figcaption><\/figure>\n<p>cardiaque dans sa voiture entre Tavel et Mariahilf)\u00a0qui re\u00e7oit une d\u00e9l\u00e9gation du Cercle le 13 mars 1973 (voir la rubrique <em>Sources<\/em>). L\u2019objet principal de cette entrevue, outre d\u2019exposer au ministre des Finances cantonal le choix corn\u00e9lien auquel le Cercle est confront\u00e9, est de savoir \u00e0 quelle sauce fiscale il sera mang\u00e9 selon l\u2019option envisag\u00e9e. Commence alors un processus de restructuration du Cercle qui d\u00e9bute par la dissolution de la premi\u00e8re Fondation prononc\u00e9e le 2 avril de la m\u00eame ann\u00e9e \u00e0 17h22. Elle aura v\u00e9cu\u00a0moins de trois ans. Puis le bal des futurs<\/p>\n<figure id=\"attachment_226\" aria-describedby=\"caption-attachment-226\" style=\"width: 578px\" class=\"wp-caption aligncenter\"><img loading=\"lazy\" decoding=\"async\" class=\"wp-image-226 size-full\" src=\"https:\/\/cercle-lc.ch\/wordpress\/wp-content\/uploads\/2017\/05\/Jura.jpg\" alt=\"\" width=\"578\" height=\"434\" srcset=\"https:\/\/cercle-lc.ch\/wordpress\/wp-content\/uploads\/2017\/05\/Jura.jpg 578w, https:\/\/cercle-lc.ch\/wordpress\/wp-content\/uploads\/2017\/05\/Jura-300x225.jpg 300w\" sizes=\"auto, (max-width: 578px) 100vw, 578px\" \/><figcaption id=\"caption-attachment-226\" class=\"wp-caption-text\">Le Caf\u00e9 Restaurant du Jura, anciennement h\u00f4tel du Jura puis restaurant-pizzeria du Jura, en juillet 2016 (photo PM)<\/figcaption><\/figure>\n<p>acheteurs commence, interrompu par des tractations avec la B\u00e2loise dont la propri\u00e9t\u00e9 a empi\u00e9t\u00e9 sur celle du Cercle. L\u2019offre de l\u2019<em>Helvetia <\/em>est retenue officiellement par le Conseil de la nouvelle Fondation le 11 avril 1973, apr\u00e8s \u00e9limination de deux autres candidatures. On avait estim\u00e9 \u00e0 juste titre qu\u2019il \u00e9tait \u00aburgent d\u2019attendre\u00bb afin de trouver un repreneur. Le 3 ao\u00fbt, la proposition d\u2019achat du Caf\u00e9 Restaurant du Jura est avalis\u00e9e. Le 5 septembre, soit 5 jours apr\u00e8s l\u2019entr\u00e9e en\u00a0jouissance, l\u2019acquisition est d\u00e9cid\u00e9e avec l\u2019approbation enti\u00e8re de l\u2019assembl\u00e9e du Parti. La stipulation a lieu le mardi 11 septembre aupr\u00e8s de Me Wolhauser et l\u2019Etat sera moins gourmand que pr\u00e9vu, acceptant la proposition du Cercle.<\/p>\n<p><span lang=\"FR\">D\u2019autres projets immobiliers surgissent. La fin de l\u2019ann\u00e9e 1973 voit s\u2019\u00e9chapper l\u2019opportunit\u00e9 d\u2019acheter un immeuble au chemin de Bellevue au Schoenberg. En s\u00e9ance du 25 mars 1974, \u00abpour l\u2019achat d\u2019un nouvel immeuble il est d\u00e9cid\u00e9 que cet achat ne peut concerner que des immeubles se trouvant \u00e0 Fribourg ou dans les environs, mais pas en dehors du rayon indiqu\u00e9\u00bb. Durant cette r\u00e9union, les membres du Conseil de Fondation apprennent qu\u2019Henry Bardy donne sa d\u00e9mission imm\u00e9diate de Pr\u00e9sident du Cercle litt\u00e9raire et de la Fondation. Il avait annonc\u00e9 son d\u00e9part en 1973 d\u00e9j\u00e0, envisageant son retrait apr\u00e8s 40 ann\u00e9es de pr\u00e9sidence. <\/span><\/p>\n<p>Le 5 septembre 1974, une nouvelle proposition d\u2019achat immobilier avec quatre objets \u2014 \u00e0 la rue Guillimann, \u00e0 Bourguillon, \u00e0 Marly et \u00e0 Moncor \u2014 est avanc\u00e9e. On consid\u00e8re cependant que la question n\u2019est pas pressante. Seul l\u2019immeuble de Moncor encourage un membre \u00e0 pousser les investigations du c\u00f4t\u00e9 de l\u2019Office des poursuites. L\u2019affaire prend de l\u2019ampleur puisque le 19 septembre, on d\u00e9cide de d\u00e9poser une offre et d\u2019effectuer une vision locale. On signale \u00e9galement un autre immeuble \u00e0 vendre \u00e0 la route des Pr\u00e9alpes. Le 3 octobre, des chiffres pr\u00e9cis sont articul\u00e9s et le calcul de rendement montre qu\u2019un tel achat serait int\u00e9ressant. L\u2019absence de places de stationnement en quantit\u00e9 suffisante instille le doute au sein du Conseil de Fondation pourtant enclin \u00e0 l\u2019achat. Le dossier est en suspens. On s\u2019int\u00e9resse alors \u00e0 d\u2019autres achats du c\u00f4t\u00e9 de la route de Bertigny et, plus symboliquement, au Caf\u00e9 du Gothard, mais on y renonce. Les investigations se poursuivent \u00e0 Marly avec deux b\u00e2timents (avril 1975), au Champ des Fontaines (juin 1975) mais c\u2019est Moncor qui revient sur le devant<\/p>\n<figure id=\"attachment_227\" aria-describedby=\"caption-attachment-227\" style=\"width: 2683px\" class=\"wp-caption aligncenter\"><img loading=\"lazy\" decoding=\"async\" class=\"size-full wp-image-227\" src=\"https:\/\/cercle-lc.ch\/wordpress\/wp-content\/uploads\/2017\/05\/Locatif-Cit\u00e9-Moncor-I.jpg\" alt=\"\" width=\"2683\" height=\"2012\" srcset=\"https:\/\/cercle-lc.ch\/wordpress\/wp-content\/uploads\/2017\/05\/Locatif-Cit\u00e9-Moncor-I.jpg 2683w, https:\/\/cercle-lc.ch\/wordpress\/wp-content\/uploads\/2017\/05\/Locatif-Cit\u00e9-Moncor-I-300x225.jpg 300w, https:\/\/cercle-lc.ch\/wordpress\/wp-content\/uploads\/2017\/05\/Locatif-Cit\u00e9-Moncor-I-768x576.jpg 768w, https:\/\/cercle-lc.ch\/wordpress\/wp-content\/uploads\/2017\/05\/Locatif-Cit\u00e9-Moncor-I-1024x768.jpg 1024w\" sizes=\"auto, (max-width: 2683px) 100vw, 2683px\" \/><figcaption id=\"caption-attachment-227\" class=\"wp-caption-text\">L\u2019immeuble de Moncor, dans un paysage encore peu urbanis\u00e9, reconnaissable aux \u00e9chafaudages \u00e0 droite de l\u2019image, bordant la route cantonale (archives du Cercle)<\/figcaption><\/figure>\n<p>de la sc\u00e8ne, sans toutefois arracher la d\u00e9cision. Dans sa s\u00e9ance du 2 octobre 1975, le pas est franchi\u00a0: le Conseil de Fondation se porte acqu\u00e9reur. Le 12 novembre, le proc\u00e8s-verbal mentionne que tous les feux sont au vert, les modalit\u00e9s de la transaction sont arr\u00eat\u00e9es. Dans le m\u00eame document appara\u00eet, dans un tout autre domaine, la rubrique \u00abadmission de soci\u00e9taires f\u00e9minins\u00bb dans laquelle on apprend que le terme \u00abcitoyen\u00bb figurant \u00e0 l\u2019article 6 est applicable aussi aux femmes, de sorte qu\u2019il n\u2019est pas n\u00e9cessaire de modifier les statuts \u00e0 ce sujet<\/p>\n<p>L\u2019actuelle \u00absalle du Cercle\u00bb au sous-sol du <em>Caf\u00e9 du Jura<\/em> trouve son origine au d\u00e9but de l\u2019ann\u00e9e 1976. Face \u00e0 un devis exorbitant de transformation, le Conseil de fondation renonce \u00e0 ce projet mais \u00ab se prononce, en revanche, pour un am\u00e9nagement permettant \u00e0 moindre frais, de mettre \u00e0 la disposition du Cercle et du Parti un local de r\u00e9union aussi confortable que possible\u00bb. La s\u00e9ance du 10 mars est lev\u00e9e \u00e0 11h45 et elle est suivie d\u2019une vision locale de la salle du sous-sol, ce qui prouve l\u2019int\u00e9r\u00eat port\u00e9 \u00e0 cette question. La soci\u00e9t\u00e9 de tir de la Ville de Fribourg est la locatrice \u00e0 l\u2019ann\u00e9e\u00a0: il faut donc l\u2019avertir de ce projet. Les immeubles de Moncor sont rafra\u00eechis et des travaux sont planifi\u00e9s \u00e0 la m\u00eame \u00e9poque. En \u00e9t\u00e9 1976, la salle du<\/p>\n<figure id=\"attachment_228\" aria-describedby=\"caption-attachment-228\" style=\"width: 2375px\" class=\"wp-caption aligncenter\"><img loading=\"lazy\" decoding=\"async\" class=\"size-full wp-image-228\" src=\"https:\/\/cercle-lc.ch\/wordpress\/wp-content\/uploads\/2017\/05\/MONCOR.jpg\" alt=\"\" width=\"2375\" height=\"912\" srcset=\"https:\/\/cercle-lc.ch\/wordpress\/wp-content\/uploads\/2017\/05\/MONCOR.jpg 2375w, https:\/\/cercle-lc.ch\/wordpress\/wp-content\/uploads\/2017\/05\/MONCOR-300x115.jpg 300w, https:\/\/cercle-lc.ch\/wordpress\/wp-content\/uploads\/2017\/05\/MONCOR-768x295.jpg 768w, https:\/\/cercle-lc.ch\/wordpress\/wp-content\/uploads\/2017\/05\/MONCOR-1024x393.jpg 1024w\" sizes=\"auto, (max-width: 2375px) 100vw, 2375px\" \/><figcaption id=\"caption-attachment-228\" class=\"wp-caption-text\">L\u2019immeuble de Moncor et une vue surprenante sur la piscine situ\u00e9e au milieu du parc transform\u00e9e aujourd\u2019hui en place de jeux<\/figcaption><\/figure>\n<p>Cercle est enfin pr\u00eate. La r\u00e9vision des statuts adopt\u00e9e par l\u2019assembl\u00e9e g\u00e9n\u00e9rale du 10 juin mentionne pourtant que le nombre maximal de membres ne doit pas \u00abcompter plus de quatre-vingts membres actifs et honoraires\u00bb (article 3). Les r\u00e9unions du Cercle ont d\u00e9sormais lieu dans un local aux dimensions parfaitement adapt\u00e9es. L\u2019inauguration et la remise officielle au Parti sont \u00e9galement \u00e9voqu\u00e9es. Les archives du Cercle sont d\u00e9pos\u00e9es d\u00e9sormais dans leur nouvel \u00e9crin apr\u00e8s \u00e9limination d\u2019anciens tableaux \u00ab\u00e0 l\u2019exception des photographies des \u201cr\u00e9cents\u00a0anciens pr\u00e9sidents\u00bb (7 d\u00e9cembre 1976).<\/p>\n<p>A partir de 1977, le Cercle et la Fondation sont surtout responsables de g\u00e9rer les deux biens en leur possession. Les dossiers et les proc\u00e8s-verbaux mentionnent une succession de travaux, de chiffres et de rapports. Relevons au milieu de cette routine administrative d\u2019importantes transformations envisag\u00e9es au d\u00e9but de l\u2019ann\u00e9e 1985. Ces travaux sont vivement critiqu\u00e9s par Henry Bardy, auteur d\u2019une lettre de protestation stigmatisant le montant des investissements envisag\u00e9s et le manque de concertation qui aurait pr\u00e9sid\u00e9 \u00e0 cette d\u00e9cision. Par une lettre bien sentie adress\u00e9e \u00e0 son pr\u00e9sident d\u2019honneur le 2 octobre, mais dont le brouillon date d\u00e9j\u00e0 d\u2019ao\u00fbt 1985, le Conseil de Fondation r\u00e9fute l\u2019accusation avec force et arguments chiffr\u00e9s \u00e0 l\u2019appui. D\u2019apr\u00e8s les documents consult\u00e9s, cet \u00e9pisode est le seul nuage dans le ciel harmonieux du Cercle.<\/p>\n<p>La d\u00e9cennie 1980 \u2014 1990 est marqu\u00e9e par d\u2019importants travaux d\u2019entretien et d\u2019assainissement du parc immobilier. De fait, les liens entre le Cercle et la Fondation se nouent de plus en plus \u00e9troitement au point que les comit\u00e9s des deux associations comptent les m\u00eames repr\u00e9sentants. L\u2019ann\u00e9e 1997 est celle du changement de tenancier avec un rachat par la Fondation des installations du restaurant. L\u2019activit\u00e9 h\u00f4teli\u00e8re du b\u00e2timent du Jura est mise en question au milieu de l\u2019ann\u00e9e 1998 et, l\u2019ann\u00e9e suivante, apr\u00e8s une longue r\u00e9flexion, on tranche pour la r\u00e9novation des 8 chambres. Comme toujours, le montant envisag\u00e9 freine l\u2019enthousiasme initial, ce qui laisse le projet en suspens. On renonce d\u00e9finitivement \u00e0 l\u2019activit\u00e9 h\u00f4teli\u00e8re \u00e0 l\u2019automne 2005 pour transformer les chambres du 2<sup>e<\/sup> et 3<sup>e<\/sup> \u00e9tages en studios. La proximit\u00e9 de l\u2019Universit\u00e9 est un argument en faveur de l\u2019accueil d\u2019\u00e9tudiants.<\/p>\n<p>En 2002, le Conseil de Fondation cherche \u00e0 mettre en vente l\u2019immeuble de Moncor, le but de la vente \u00e9tant de r\u00e9investir le montant dans le b\u00e2timent du Jura. Mais malgr\u00e9 42 personnes ou institutions ayant re\u00e7u l\u2019offre, aucune promesse n\u2019est d\u00e9pos\u00e9e. En 2004, le 29<sup>e<\/sup> int\u00e9ress\u00e9 renonce encore. A la fin de l\u2019ann\u00e9e, une nouvelle proposition est pr\u00e9sent\u00e9e \u00e0 deux reprises, mais en dessous du prix fix\u00e9. A force de patience, la vente fix\u00e9e au prix initial est enfin conclue le 17 janvier 2005. Le Cercle et la Fondation se s\u00e9parent ainsi de la moiti\u00e9 de leur patrimoine compl\u00e9t\u00e9 trente ans auparavant. La vente de l\u2019immeuble de Moncor relance les r\u00e9novations du <em>Caf\u00e9 du Jura<\/em> d\u00e8s le milieu de l\u2019ann\u00e9e 2006 et les travaux battent leur plein jusqu\u2019au printemps 2007. La comm\u00e9moration du 200<sup>e<\/sup> anniversaire du Cercle est l\u2019occasion d\u2019envisager un r\u00e9am\u00e9nagement complet de la terrasse, des escaliers et des niveaux situ\u00e9s \u00e0 l\u2019arri\u00e8re du b\u00e2timent, l\u2019ensemble \u00e9tant baptis\u00e9 d\u00e9sormais <em>Jardin Courbet<\/em>.<\/p>\n","protected":false},"excerpt":{"rendered":"<p>La plaquette comm\u00e9morative du 150e anniversaire du Cercle donne d\u2019amples pr\u00e9cisions sur les premiers locaux occup\u00e9s. La soci\u00e9t\u00e9 suit l\u2019\u00e9volution et le d\u00e9veloppement de la Ville, se d\u00e9pla\u00e7ant g\u00e9ographiquement du centre historique vers la gare pour se fixer en p\u00e9riph\u00e9rie \u00e0 partir des ann\u00e9es 1970. Les premi\u00e8res ann\u00e9es d\u2019existence, on se r\u00e9unit \u00e0 la rue [&hellip;]<\/p>\n","protected":false},"author":1,"featured_media":0,"parent":0,"menu_order":0,"comment_status":"closed","ping_status":"closed","template":"","meta":{"footnotes":""},"class_list":["post-222","page","type-page","status-publish","hentry"],"_links":{"self":[{"href":"https:\/\/cercle-lc.ch\/wordpress\/wp-json\/wp\/v2\/pages\/222","targetHints":{"allow":["GET"]}}],"collection":[{"href":"https:\/\/cercle-lc.ch\/wordpress\/wp-json\/wp\/v2\/pages"}],"about":[{"href":"https:\/\/cercle-lc.ch\/wordpress\/wp-json\/wp\/v2\/types\/page"}],"author":[{"embeddable":true,"href":"https:\/\/cercle-lc.ch\/wordpress\/wp-json\/wp\/v2\/users\/1"}],"replies":[{"embeddable":true,"href":"https:\/\/cercle-lc.ch\/wordpress\/wp-json\/wp\/v2\/comments?post=222"}],"version-history":[{"count":1,"href":"https:\/\/cercle-lc.ch\/wordpress\/wp-json\/wp\/v2\/pages\/222\/revisions"}],"predecessor-version":[{"id":232,"href":"https:\/\/cercle-lc.ch\/wordpress\/wp-json\/wp\/v2\/pages\/222\/revisions\/232"}],"wp:attachment":[{"href":"https:\/\/cercle-lc.ch\/wordpress\/wp-json\/wp\/v2\/media?parent=222"}],"curies":[{"name":"wp","href":"https:\/\/api.w.org\/{rel}","templated":true}]}}