{"id":35,"date":"2016-09-16T08:08:29","date_gmt":"2016-09-16T08:08:29","guid":{"rendered":"http:\/\/cercle-lc.ch\/wordpress\/?page_id=35"},"modified":"2017-05-19T11:51:43","modified_gmt":"2017-05-19T11:51:43","slug":"les-200-ans","status":"publish","type":"page","link":"https:\/\/cercle-lc.ch\/wordpress\/histoire\/les-200-ans\/","title":{"rendered":"Les 200 ans"},"content":{"rendered":"<p><strong><u>Ev\u00e9nements importants (1966-2010)<\/u><\/strong><\/p>\n<p>Dans un article r\u00e9dig\u00e9 pour le journal <em>Profil<\/em> \u00e0 l\u2019occasion du 175<sup>e<\/sup> anniversaire du Cercle litt\u00e9raire et de commerce, Ren\u00e9 Vernaz fait ressortir diff\u00e9rents \u00e9l\u00e9ments importants de la vie du Cercle durant la p\u00e9riode 1966-1991. Il y \u00e9voque la s\u00e9rie de r\u00e9formes qui, d\u00e8s 1970, ont modifi\u00e9 de mani\u00e8re consid\u00e9rable l\u2019allure du Cercle en \u00ab\u00a0consolidant ses assises juridiques et financi\u00e8res\u00a0\u00bb. Il rel\u00e8ve qu\u2019en 1970 il est d\u00e9cid\u00e9 de constituer une Fondation du Cercle qui sera charg\u00e9e de \u00ab\u00a0g\u00e9rer la fortune acquise \u00e0 l\u2019occasion de la vente en 1973 du b\u00e2timent de la rue St-Pierre\u00a0\u00bb. Afin de placer ses biens, le Cercle se porte acqu\u00e9reur du Restaurant du Jura et de quelques immeubles locatifs.<\/p>\n<p>Il souligne \u00e9galement que de nouveaux statuts sont adopt\u00e9s en 1977 qui vont permettre aux femmes de devenir membres du Cercle.<\/p>\n<p>Il \u00e9voque enfin les travaux de r\u00e9fection du Restaurant du Jura entrepris en 1986.<\/p>\n<p>En 1989, <em>L\u2019Ind\u00e9pendant<\/em>, organe cantonal du Parti, s\u2019appellera <em>Profil<\/em>.<\/p>\n<p>En 2009, id\u00e9e de la transmission de la collection des imprim\u00e9s de Claraz aux Archives de la Ville de Fribourg (<em>Le Conf\u00e9d\u00e9r\u00e9<\/em> et <em>L\u2019Ind\u00e9pendant<\/em>) avec un transfert effectu\u00e9 en 2010.<\/p>\n","protected":false},"excerpt":{"rendered":"<p>Ev\u00e9nements importants (1966-2010) Dans un article r\u00e9dig\u00e9 pour le journal Profil \u00e0 l\u2019occasion du 175e anniversaire du Cercle litt\u00e9raire et de commerce, Ren\u00e9 Vernaz fait ressortir diff\u00e9rents \u00e9l\u00e9ments importants de la vie du Cercle durant la p\u00e9riode 1966-1991. Il y \u00e9voque la s\u00e9rie de r\u00e9formes qui, d\u00e8s 1970, ont modifi\u00e9 de mani\u00e8re consid\u00e9rable l\u2019allure du [&hellip;]<\/p>\n","protected":false},"author":1,"featured_media":0,"parent":21,"menu_order":0,"comment_status":"closed","ping_status":"closed","template":"page-fullwidth.php","meta":{"footnotes":""},"class_list":["post-35","page","type-page","status-publish","hentry"],"_links":{"self":[{"href":"https:\/\/cercle-lc.ch\/wordpress\/wp-json\/wp\/v2\/pages\/35","targetHints":{"allow":["GET"]}}],"collection":[{"href":"https:\/\/cercle-lc.ch\/wordpress\/wp-json\/wp\/v2\/pages"}],"about":[{"href":"https:\/\/cercle-lc.ch\/wordpress\/wp-json\/wp\/v2\/types\/page"}],"author":[{"embeddable":true,"href":"https:\/\/cercle-lc.ch\/wordpress\/wp-json\/wp\/v2\/users\/1"}],"replies":[{"embeddable":true,"href":"https:\/\/cercle-lc.ch\/wordpress\/wp-json\/wp\/v2\/comments?post=35"}],"version-history":[{"count":3,"href":"https:\/\/cercle-lc.ch\/wordpress\/wp-json\/wp\/v2\/pages\/35\/revisions"}],"predecessor-version":[{"id":221,"href":"https:\/\/cercle-lc.ch\/wordpress\/wp-json\/wp\/v2\/pages\/35\/revisions\/221"}],"up":[{"embeddable":true,"href":"https:\/\/cercle-lc.ch\/wordpress\/wp-json\/wp\/v2\/pages\/21"}],"wp:attachment":[{"href":"https:\/\/cercle-lc.ch\/wordpress\/wp-json\/wp\/v2\/media?parent=35"}],"curies":[{"name":"wp","href":"https:\/\/api.w.org\/{rel}","templated":true}]}}