{"id":364,"date":"2018-11-15T12:09:43","date_gmt":"2018-11-15T10:09:43","guid":{"rendered":"http:\/\/www.cercle-lc.ch\/?page_id=364"},"modified":"2018-11-15T12:09:43","modified_gmt":"2018-11-15T10:09:43","slug":"avant-la-guerre-de-1914","status":"publish","type":"page","link":"https:\/\/cercle-lc.ch\/wordpress\/histoire\/avant-la-guerre-de-1914\/","title":{"rendered":"Avant la guerre de 1914"},"content":{"rendered":"<p>Est-ce signe d&rsquo;un certain affadissement ? Ou int\u00e9r\u00eat port\u00e9 \u00e0 la jeunesse qui monte ? Le 15 mai 1909, sur l&rsquo;intervention de Me W. Bartsch, le Cercle loue sa buvette \u00e0 une soci\u00e9t\u00e9 d&rsquo;\u00e9tudiants, les Rodensteiner, moyennant une modeste redevance mensuelle. Mais ces h\u00f4tes se r\u00e9v\u00e8lent bruyants. Les soirs de \u00ab kneipp \u00bb sont plus que chaleureux et les autres locataires ne se f\u00e9licitent point de ces juv\u00e9niles pr\u00e9sences. Cependant, \u00ab nous tenons \u00e0 les garder \u00bb, dit le proc\u00e8s-verbal<a href=\"https:\/\/cercle-lc.ch\/wordpress\/wp-admin\/post-new.php?post_type=page#_ftn1\" name=\"_ftnref1\">[1]<\/a>. Cette bonne volont\u00e9 est si marqu\u00e9e qu&rsquo;on patientera jusqu&rsquo;\u00e0 fin d\u00e9cembre 1916, o\u00f9 l&rsquo;on d\u00e9noncera le contrat qui lie le Cercle aux Rodensteiner, pour le mois de mai 1917.<\/p>\n<p>Flamb\u00e9e patriotique : on pr\u00e9sente aux membres du Cercle, le 11 octobre 1909, la maquette du monument qui sera \u00e9rig\u00e9 en Gruy\u00e8re au Tourain Pierre-Nicolas Chenaux, h\u00e9ros des libert\u00e9s populaires. A la v\u00e9rit\u00e9, il faudra attendre jusqu&rsquo;en 1933 pour que soit inaugur\u00e9e, \u00e0 Bulle, la fontaine comm\u00e9morative surmont\u00e9e d&rsquo;une effigie de bronze.<\/p>\n<p>L&rsquo;effectif du Cercle demeure nombreux. Le budget pour l&rsquo;ann\u00e9e 1910 suppute que l&rsquo;on aura 20 membres externes payant une cotisation de 5 fr., 40 membres internes (jeunes), acquittant une redevance de 10 fr. et 140 membres ordinaires astreints \u00e0 une contribution de 20 fr.<\/p>\n<p>Le 21 d\u00e9cembre 1910, \u00ab comme d&rsquo;habitude \u00bb, le Cercle souscrit \u00e0 cinq parts destin\u00e9es au soutien de \u00ab L&rsquo;Ind\u00e9pendant \u00bb. On organise une souscription en faveur d&rsquo;un certain \u00ab proc\u00e8s des sifflets \u00bb qui se d\u00e9roula \u00e0 Romont<a href=\"https:\/\/cercle-lc.ch\/wordpress\/wp-admin\/post-new.php?post_type=page#_ftn2\" name=\"_ftnref2\">[2]<\/a>, auquel fut m\u00eal\u00e9 l&rsquo;administrateur postal Joseph Gobet qui fut co-auteur (avec l&rsquo;\u00e9crivain Victor Tissot) du premier Almanach de Chalamala. Mais on n&rsquo;ira pas, l&rsquo;automne venu, jusqu&rsquo;\u00e0 accepter de vendre, dans les locaux du Cercle le virulent pamphlet antigouvernemental. Une demande, \u00e0 cet effet, ne sera pas re\u00e7ue.<\/p>\n<p>Voici pour l&rsquo;id\u00e9ologie. On n&rsquo;oublie pas les actions philanthropiques. Le Cercle ayant organis\u00e9, en 1911, une f\u00eate d&rsquo;automne, il en r\u00e9partit lib\u00e9ralement le b\u00e9n\u00e9fice. Les soupes \u00e9conomiques et les soupes scolaires, les colonies de vacances r\u00e9form\u00e9es et l&rsquo;\u0153uvre des Galoches re\u00e7oivent d&rsquo;appr\u00e9ciables dons. Ni la Cavalcade de 1910, ni l&rsquo;incendi\u00e9 de Corpataux en 1918, ni \u2014 en 1922 \u2014 la cr\u00e9ation des bains de la Motta, pas plus que le Tir f\u00e9d\u00e9ral de 1934, ne laisseront insensibles les organes du Cercle. On tient \u00e0 marquer une pr\u00e9sence et certaines constantes.<\/p>\n<p>Mais on est jaloux des anciens privil\u00e8ges. Une circulaire du Conseil d&rsquo;\u00c9tat au Pr\u00e9fet de la Sarine, le 19 janvier 1912, fut communiqu\u00e9e au Cercle. Ayant trait \u00e0 la fr\u00e9quentation des \u00e9tablissements publics par les externes du coll\u00e8ge, ce document disait \u00ab que le surveillant des externes du coll\u00e8ge rev\u00eat la qualit\u00e9 d&rsquo;agent de police \u00bb et a le droit, \u00e0 toute heure, d&rsquo;inspecter ces \u00e9tablissements. On s&rsquo;\u00e9mut et rappela \u00e0 ce propos la d\u00e9claration du conseiller d&rsquo;Etat Schaller au Grand Conseil (1893) : \u00ab Les Cercles propri\u00e9taires et ceux locataires \u00e0 long terme sont r\u00e9gis par leurs statuts. Personne n&rsquo;a le droit d&rsquo;y p\u00e9n\u00e9trer \u00bb. Le proc\u00e8s-verbal est explicite : \u00ab &#8230; tout le monde est d&rsquo;accord sur le genre de r\u00e9ception que devra recevoir l&rsquo;agent en question s&rsquo;il se pr\u00e9sente au Cercle ! \u00bb.<\/p>\n<p><a href=\"https:\/\/cercle-lc.ch\/wordpress\/wp-admin\/post-new.php?post_type=page#_ftnref1\" name=\"_ftn1\">[1]<\/a> Protocole du 11 d\u00e9cembre 1909<\/p>\n<p><a href=\"https:\/\/cercle-lc.ch\/wordpress\/wp-admin\/post-new.php?post_type=page#_ftnref2\" name=\"_ftn2\">[2]<\/a> Protocole du 23 f\u00e9vrier 1910<\/p>\n","protected":false},"excerpt":{"rendered":"<p>Est-ce signe d&rsquo;un certain affadissement ? Ou int\u00e9r\u00eat port\u00e9 \u00e0 la jeunesse qui monte ? Le 15 mai 1909, sur l&rsquo;intervention de Me W. Bartsch, le Cercle loue sa buvette \u00e0 une soci\u00e9t\u00e9 d&rsquo;\u00e9tudiants, les Rodensteiner, moyennant une modeste redevance mensuelle. Mais ces h\u00f4tes se r\u00e9v\u00e8lent bruyants. Les soirs de \u00ab kneipp \u00bb sont plus [&hellip;]<\/p>\n","protected":false},"author":1,"featured_media":0,"parent":21,"menu_order":0,"comment_status":"closed","ping_status":"closed","template":"","meta":{"footnotes":""},"class_list":["post-364","page","type-page","status-publish","hentry"],"_links":{"self":[{"href":"https:\/\/cercle-lc.ch\/wordpress\/wp-json\/wp\/v2\/pages\/364","targetHints":{"allow":["GET"]}}],"collection":[{"href":"https:\/\/cercle-lc.ch\/wordpress\/wp-json\/wp\/v2\/pages"}],"about":[{"href":"https:\/\/cercle-lc.ch\/wordpress\/wp-json\/wp\/v2\/types\/page"}],"author":[{"embeddable":true,"href":"https:\/\/cercle-lc.ch\/wordpress\/wp-json\/wp\/v2\/users\/1"}],"replies":[{"embeddable":true,"href":"https:\/\/cercle-lc.ch\/wordpress\/wp-json\/wp\/v2\/comments?post=364"}],"version-history":[{"count":1,"href":"https:\/\/cercle-lc.ch\/wordpress\/wp-json\/wp\/v2\/pages\/364\/revisions"}],"predecessor-version":[{"id":365,"href":"https:\/\/cercle-lc.ch\/wordpress\/wp-json\/wp\/v2\/pages\/364\/revisions\/365"}],"up":[{"embeddable":true,"href":"https:\/\/cercle-lc.ch\/wordpress\/wp-json\/wp\/v2\/pages\/21"}],"wp:attachment":[{"href":"https:\/\/cercle-lc.ch\/wordpress\/wp-json\/wp\/v2\/media?parent=364"}],"curies":[{"name":"wp","href":"https:\/\/api.w.org\/{rel}","templated":true}]}}