{"id":376,"date":"2018-11-15T12:26:38","date_gmt":"2018-11-15T10:26:38","guid":{"rendered":"http:\/\/www.cercle-lc.ch\/?page_id=376"},"modified":"2018-11-15T12:26:38","modified_gmt":"2018-11-15T10:26:38","slug":"la-vie-du-cercle-apres-la-guerre-de-1914-1918","status":"publish","type":"page","link":"https:\/\/cercle-lc.ch\/wordpress\/la-vie-du-cercle-apres-la-guerre-de-1914-1918\/","title":{"rendered":"La vie du Cercle apr\u00e8s la guerre de 1914 \u2013 1918"},"content":{"rendered":"<p>Mais la vie reprend, avec un \u00ab quotidien \u00bb qui marque moins d&rsquo;exaltation. D\u00e9j\u00e0, au printemps de 1918, le comit\u00e9 relevait \u00ab la situation d\u00e9licate dans laquelle se trouve notre soci\u00e9t\u00e9 \u00bb, et le peu d&#8217;empressement t\u00e9moign\u00e9 par une fraction des adeptes du Cercle.<\/p>\n<p>L&rsquo;assembl\u00e9e du 3 f\u00e9vrier 1919 d\u00e9cidait la r\u00e9impression des statuts, avec une r\u00e9vision op\u00e9r\u00e9e sur la forme plut\u00f4t que sur le fond. Mais l&rsquo;\u00e9volution se marquait plut\u00f4t sur la question d&rsquo;une vente \u00e9ventuelle de l&rsquo;immeuble, \u00ab si l&rsquo;on se trouve en face d&rsquo;une offre ferme d&rsquo;achat \u00bb. A la v\u00e9rit\u00e9, l&rsquo;on \u00e9tait pessimiste quant \u00e0 la mani\u00e8re dont on sortirait d&rsquo;une situation financi\u00e8re pr\u00e9occupante. En juin de la m\u00eame ann\u00e9e 1919, on constituait une \u00ab grande Commission financi\u00e8re \u00bb, pour assurer l&rsquo;avenir du Cercle, \u00ab cette institution de libert\u00e9 et de progr\u00e8s \u00bb. Une offre \u00e9tait enregistr\u00e9e de la part d&rsquo;une agence immobili\u00e8re, qui d\u00e9sirait acqu\u00e9rir l&rsquo;immeuble du Cercle pour la somme de 200.000 francs.<\/p>\n<p>La sagesse pr\u00e9valut. Les projets esquiss\u00e9s pour la vente devaient enregistrer un \u00ab enterrement complet \u00bb, apr\u00e8s d&rsquo;abondantes discussions.<\/p>\n<p>Il n&rsquo;est pas inutile de placer ici le texte d&rsquo;un message t\u00e9l\u00e9graphique adress\u00e9 par le pr\u00e9sident Ch.-E. Ochsenbein au Cercle des Arts et m\u00e9tiers de Bulle, qui tenait son agape annuelle<\/p>\n<p><em>Cercle Commerce Fribourg auquel se joint comit\u00e9 cantonal souhaite bon succ\u00e8s \u00e0 soir\u00e9e-choucroute en regrettant de ne pouvoir \u00eatre parmi vous ce soir. <\/em><\/p>\n<p><em>Comme vous, sommes persuad\u00e9s que l&rsquo;avenir appartient \u00e0 l&rsquo;id\u00e9al que nous d\u00e9fendons et pour lequel nos pr\u00e9d\u00e9cesseurs ont lutt\u00e9 et tout sacrifi\u00e9. Comme eux \u00ab nous maintiendrons \u00bb et restons convaincus que le progr\u00e8s et les libert\u00e9s populaires sont en marche et triompheront. En mettant \u00e0 ex\u00e9cution partie de nos revendications pass\u00e9es, nos adversaires eux-m\u00eames ne nous donnent-ils pas raison <\/em><\/p>\n<p><em>Haut les c\u0153urs et vive le parti lib\u00e9ral-radical fribourgeois. <\/em><\/p>\n<p>Au Cercle, les manifestations internes avaient repris, avec les lotos (suspendus \u00e0 l&rsquo;\u00e9poque de la grippe de 1918). De m\u00eame, les bals d&rsquo;enfants, supprim\u00e9s en 1914, voyaient leur renouveau au Carnaval de 1920. Abandonn\u00e9s au d\u00e9but de la guerre, les banquets annuels furent remis en honneur en 1922. Le Conseil d&rsquo;Etat, au printemps 1920, accordait aux Cercles trois soirs de prolongation (les dimanche, mercredi et samedi), les autres soirs, la fermeture devant s&rsquo;op\u00e9rer \u00e0 11 h. 15. Les grandes consultations populaires donnaient lieu \u00e0 des s\u00e9ances d&rsquo;information.<\/p>\n<p>Sur l&rsquo;entr\u00e9e de la Suisse dans la Soci\u00e9t\u00e9 des Nations, le Cercle s&rsquo;affirmait. Il engageait ses membres \u00e0 d\u00e9poser dans l&rsquo;urne un \u00ab oui \u00bb, par opposition \u00e0 certains milieux militaires et \u00e0 la gauche qui, singuli\u00e8rement, \u00e9taient unis dans une position n\u00e9gative.<\/p>\n<p>On a fait allusion au \u00ab diff\u00e9rend \u00bb qui opposait le Cercle \u00e0 l&rsquo;autorit\u00e9, \u00e0 la suite de l&rsquo;interpr\u00e9tation des articles r\u00e9gissant la fermeture. On en \u00e9tait arriv\u00e9, au d\u00e9but de 1919, \u00e0 recevoir en une fois \u2014 \u00f4 Clochemerle ! \u2014 48 citations pour fermeture tardive, assorties chacune d&rsquo;une amende de 50 fr. L&rsquo;histoire alla jusqu&rsquo;aux instances f\u00e9d\u00e9rales. Finalement, la sagesse pr\u00e9valut. Le temps de guerre \u00e9tait pass\u00e9. La Conf\u00e9d\u00e9ration ne fut pas inflexible. Le Conseil d&rsquo;Etat ramena, par un jugement \u00e0 la Salomon, \u00e0 une somme acceptable le montant global des amendes. En bref, la raison triompha&#8230;<\/p>\n<p>&nbsp;<\/p>\n","protected":false},"excerpt":{"rendered":"<p>Mais la vie reprend, avec un \u00ab quotidien \u00bb qui marque moins d&rsquo;exaltation. D\u00e9j\u00e0, au printemps de 1918, le comit\u00e9 relevait \u00ab la situation d\u00e9licate dans laquelle se trouve notre soci\u00e9t\u00e9 \u00bb, et le peu d&#8217;empressement t\u00e9moign\u00e9 par une fraction des adeptes du Cercle. L&rsquo;assembl\u00e9e du 3 f\u00e9vrier 1919 d\u00e9cidait la r\u00e9impression des statuts, avec [&hellip;]<\/p>\n","protected":false},"author":1,"featured_media":0,"parent":0,"menu_order":0,"comment_status":"closed","ping_status":"closed","template":"","meta":{"footnotes":""},"class_list":["post-376","page","type-page","status-publish","hentry"],"_links":{"self":[{"href":"https:\/\/cercle-lc.ch\/wordpress\/wp-json\/wp\/v2\/pages\/376","targetHints":{"allow":["GET"]}}],"collection":[{"href":"https:\/\/cercle-lc.ch\/wordpress\/wp-json\/wp\/v2\/pages"}],"about":[{"href":"https:\/\/cercle-lc.ch\/wordpress\/wp-json\/wp\/v2\/types\/page"}],"author":[{"embeddable":true,"href":"https:\/\/cercle-lc.ch\/wordpress\/wp-json\/wp\/v2\/users\/1"}],"replies":[{"embeddable":true,"href":"https:\/\/cercle-lc.ch\/wordpress\/wp-json\/wp\/v2\/comments?post=376"}],"version-history":[{"count":1,"href":"https:\/\/cercle-lc.ch\/wordpress\/wp-json\/wp\/v2\/pages\/376\/revisions"}],"predecessor-version":[{"id":378,"href":"https:\/\/cercle-lc.ch\/wordpress\/wp-json\/wp\/v2\/pages\/376\/revisions\/378"}],"wp:attachment":[{"href":"https:\/\/cercle-lc.ch\/wordpress\/wp-json\/wp\/v2\/media?parent=376"}],"curies":[{"name":"wp","href":"https:\/\/api.w.org\/{rel}","templated":true}]}}