{"id":380,"date":"2018-11-15T12:30:38","date_gmt":"2018-11-15T10:30:38","guid":{"rendered":"http:\/\/www.cercle-lc.ch\/?page_id=380"},"modified":"2018-11-15T12:31:06","modified_gmt":"2018-11-15T10:31:06","slug":"lentre-deux-guerres","status":"publish","type":"page","link":"https:\/\/cercle-lc.ch\/wordpress\/lentre-deux-guerres\/","title":{"rendered":"L&rsquo;entre-deux guerres"},"content":{"rendered":"<p>Sur les principes, la position du Cercle demeure. On veut \u00e9viter, aupr\u00e8s des aspirants, le malentendu. Ainsi en t\u00e9moigne le message suivant :<\/p>\n<p><em>Avant de pr\u00e9senter votre candidature devant l&rsquo;assembl\u00e9e g\u00e9n\u00e9rale, nous estimons notre devoir de vous exposer que notre Cercle est li\u00e9 intimement avec l&rsquo;association<\/em> <em>d\u00e9mocratique du parti lib\u00e9ral-d\u00e9mocratique dont il repr\u00e9sente, en quelque sorte, le foyer intellectuel&#8230; <\/em><\/p>\n<p>Journ\u00e9e de liesse, le 28 d\u00e9cembre 1921. M. Victor Buchs, membre du Cercle, est nomm\u00e9 Pr\u00e9sident du Conseil d&rsquo;Etat. L&rsquo;honneur en rejaillit sur le Cercle. La pr\u00e9sidence du gouvernement n&rsquo;avait plus \u00e9t\u00e9 le fait d&rsquo;un citoyen lib\u00e9ral depuis 1856, ann\u00e9e o\u00f9 elle fut d\u00e9volue au conseiller d&rsquo;Etat Julien Schaller. Le Cercle litt\u00e9raire et de commerce avait accueilli triomphalement le pr\u00e9sident du gouvernement d&rsquo;alors, qui \u00e9tait en outre rev\u00eatu de la charge de conseiller aux Etats.<\/p>\n<p>Le 4 d\u00e9cembre 1921, 90 d\u00e9put\u00e9s fribourgeois d\u00e9cernent au directeur des Travaux publics, M. Victor Buchs, un hommage \u00e9clatant. En ce magistrat, repr\u00e9sentant de la minorit\u00e9, le Cercle voit honorer le m\u00e9rite. Par la bouche du pr\u00e9sident Ochsenbein, dans une veill\u00e9e chaleureuse, on constate que \u00ab les id\u00e9es de libert\u00e9, d&rsquo;ind\u00e9pendance et de tol\u00e9rance font du progr\u00e8s \u00bb<\/p>\n<p>L&rsquo;ann\u00e9e 1922 voyait encore une d\u00e9termination, et l&rsquo;histoire se renouvellera. Le Cercle prenait position quant \u00e0 la votation sur l&rsquo;\u00e9ligibilit\u00e9 des fonctionnaires. Attitude n\u00e9gative, qui n&rsquo;eut pas l&rsquo;heur de plaire \u00e0 tous les membres. Quatre d&rsquo;entr&rsquo;eux d\u00e9missionn\u00e8rent.<\/p>\n<p>Le m\u00e9nage du Cercle allait son chemin. L&rsquo;an 1929, on refit la toiture du b\u00e2timent. Des travaux de transformation \u00e9taient entrepris en 1931. D\u00e9penses consid\u00e9rables, et les difficult\u00e9s financi\u00e8res demeurent latentes. En 1939, il est \u00e0 nouveau question de la vente du b\u00e2timent. La Commission habilit\u00e9e en fait la proposition \u00e0 la majorit\u00e9. On d\u00e9non\u00e7a m\u00eame le bail qui liait le Cercle \u00e0 son tenancier, M. Gaston Genoud. Mais l&rsquo;opposition aux perspectives de vente demeurait efficace. Fallait-il devenir locataires et n&rsquo;\u00eatre plus ma\u00eetres chez soi ? Apr\u00e8s que le Pr\u00e9sident Henri Bardy eut attir\u00e9 l&rsquo;attention de l&rsquo;assembl\u00e9e sur les cons\u00e9quences graves qu&rsquo;entra\u00eenerait l&rsquo;ali\u00e9nation de l&rsquo;immeuble pour la diffusion des id\u00e9es lib\u00e9rales dans la capitale, un membre, (M. Vicarino), opinait justement: \u00ab Au bout de peu de temps, nous n&rsquo;aurions ni argent ni Cercle ! \u00bb Un membre externe, m\u00eame, M. Jules Blanc, du Cercle des Arts et M\u00e9tiers de Bulle, d\u00e9conseillait fortement cette op\u00e9ration. L&rsquo;existence du Cercle \u00e9tait en jeu. On alla jusqu&rsquo;\u00e0 \u00e9noncer cette proposition : \u00ab Faut-il dissoudre le Cercle, ou pouvons-nous vendre sans discussion ? \u00bb<\/p>\n<p>La raison, heureusement, pr\u00e9valut. Les amateurs du b\u00e2timent retirant leur offre, on renouvela le bail du tenancier, le 17 mars 1939.<\/p>\n<p>&nbsp;<\/p>\n","protected":false},"excerpt":{"rendered":"<p>Sur les principes, la position du Cercle demeure. On veut \u00e9viter, aupr\u00e8s des aspirants, le malentendu. Ainsi en t\u00e9moigne le message suivant : Avant de pr\u00e9senter votre candidature devant l&rsquo;assembl\u00e9e g\u00e9n\u00e9rale, nous estimons notre devoir de vous exposer que notre Cercle est li\u00e9 intimement avec l&rsquo;association d\u00e9mocratique du parti lib\u00e9ral-d\u00e9mocratique dont il repr\u00e9sente, en quelque [&hellip;]<\/p>\n","protected":false},"author":1,"featured_media":0,"parent":0,"menu_order":0,"comment_status":"closed","ping_status":"closed","template":"","meta":{"footnotes":""},"class_list":["post-380","page","type-page","status-publish","hentry"],"_links":{"self":[{"href":"https:\/\/cercle-lc.ch\/wordpress\/wp-json\/wp\/v2\/pages\/380","targetHints":{"allow":["GET"]}}],"collection":[{"href":"https:\/\/cercle-lc.ch\/wordpress\/wp-json\/wp\/v2\/pages"}],"about":[{"href":"https:\/\/cercle-lc.ch\/wordpress\/wp-json\/wp\/v2\/types\/page"}],"author":[{"embeddable":true,"href":"https:\/\/cercle-lc.ch\/wordpress\/wp-json\/wp\/v2\/users\/1"}],"replies":[{"embeddable":true,"href":"https:\/\/cercle-lc.ch\/wordpress\/wp-json\/wp\/v2\/comments?post=380"}],"version-history":[{"count":2,"href":"https:\/\/cercle-lc.ch\/wordpress\/wp-json\/wp\/v2\/pages\/380\/revisions"}],"predecessor-version":[{"id":383,"href":"https:\/\/cercle-lc.ch\/wordpress\/wp-json\/wp\/v2\/pages\/380\/revisions\/383"}],"wp:attachment":[{"href":"https:\/\/cercle-lc.ch\/wordpress\/wp-json\/wp\/v2\/media?parent=380"}],"curies":[{"name":"wp","href":"https:\/\/api.w.org\/{rel}","templated":true}]}}