{"id":384,"date":"2018-11-15T12:32:42","date_gmt":"2018-11-15T10:32:42","guid":{"rendered":"http:\/\/www.cercle-lc.ch\/?page_id=384"},"modified":"2018-11-15T12:32:47","modified_gmt":"2018-11-15T10:32:47","slug":"ceux-qui-assurerent-le-quotidien","status":"publish","type":"page","link":"https:\/\/cercle-lc.ch\/wordpress\/ceux-qui-assurerent-le-quotidien\/","title":{"rendered":"Ceux qui assur\u00e8rent le \u00ab quotidien \u00bb"},"content":{"rendered":"<p><span style=\"font-size: medium;\"><span style=\"margin: 0px; color: windowtext; font-family: 'Calibri',sans-serif;\">Le Cercle connut, pour son exploitation, des serviteurs d\u00e9vou\u00e9s. De 1906 \u00e0 1922, soit durant plus de seize ans,<\/span> <span style=\"margin: 0px; color: windowtext; font-family: 'Calibri',sans-serif;\">Mme Eug\u00e9nie Avanthey demeura fid\u00e8le \u00e0 son poste. M. Gaston Genoud, de Gruy\u00e8res, fut nomm\u00e9 en 1930; il rempla\u00e7ait M. F. Lorson. M. Georges Pernet, en 1948, installe une forme nouvelle d&rsquo;exploitation. Le caf\u00e9 est supprim\u00e9. Il est remplac\u00e9 par une salle r\u00e9serv\u00e9e aux membres. La grande salle est un dancing le soir et demeure \u00e9tablissement public durant la journ\u00e9e. L&rsquo;\u00e9tablissement est correctement tenu ; il a l&rsquo;avantage de supprimer une certaine client\u00e8le du moment, qui n&rsquo;\u00e9tait gu\u00e8re d\u00e9sir\u00e9e. Mais le \u00ab r\u00e8gne \u00bb de M. Georges Pernet sera tr\u00e8s court, car la maladie l&rsquo;enl\u00e8ve pr\u00e9matur\u00e9ment. Et c&rsquo;est au mois de juin 1948 que le Cercle confie son \u00e9tablissement \u00e0 M. Ren\u00e9 Vuichard, de Bulle, qui lui assure depuis tant\u00f4t deux d\u00e9cennies une marche qui fait honneur \u00e0 ses qualit\u00e9s professionnelles. <\/span><\/span><\/p>\n<p><span style=\"margin: 0px; color: windowtext; font-family: 'Calibri',sans-serif;\"><span style=\"font-size: medium;\">La forme actuelle d&rsquo;exploitation permit des restaurations et des am\u00e9nagements divers, effectu\u00e9s notamment en 1948 et jusqu&rsquo;en 1950, puis en 1954. Les lourds soucis d&rsquo;antan ne sont plus que souvenirs. Lors de la reddition des comptes de 1951, plusieurs membres rappelaient les pr\u00e9occupations de l&rsquo;avant-guerre, lorsqu&rsquo;en 1938 la caisse \u00e9tait vide, les locaux par la force, n\u00e9glig\u00e9s et o\u00f9 il \u00e9tait question de vente&#8230; <\/span><\/span><\/p>\n<p><span style=\"font-size: medium;\"><span style=\"margin: 0px; color: windowtext; font-family: 'Calibri',sans-serif;\">Les \u00e9v\u00e9nements ext\u00e9rieurs n&rsquo;ont gu\u00e8re eu de prise, depuis 1939, sur la vie du Cercle. La derni\u00e8re guerre elle-m\u00eame, ne manifeste que peu de r\u00e9sultantes, sinon par un certain aspect anecdotique. Lors de la campagne de r\u00e9cup\u00e9ration, en 1944, les galetas de l&rsquo;immeuble furent<\/span> <span style=\"margin: 0px; color: windowtext; font-family: 'Calibri',sans-serif;\">assainis, d\u00e9barrass\u00e9s de deux pleins camions de \u00ab vieilleries \u00bb &#8230; Mais on conserva des tableaux, photos et statues, souvenirs des temps glorieux&#8230; <\/span><\/span><\/p>\n<p><span style=\"margin: 0px; color: windowtext; font-family: 'Calibri',sans-serif;\"><span style=\"font-size: medium;\">L&rsquo;activit\u00e9 du Cercle s&rsquo;est amenuis\u00e9e, sans doute. Le nombre des membres a diminu\u00e9. I1 \u00e9tait de 57 \u00e0 la fin de 1948. Une r\u00e9vision partielle des statuts, sanctionn\u00e9e le 5 mars 1952, limite l&rsquo;effectif \u00e0 60 membres. <\/span><\/span><\/p>\n<p><span style=\"margin: 0px; color: windowtext; font-family: 'Calibri',sans-serif;\"><span style=\"font-size: medium;\">Quelques membres \u00e9mirent le d\u00e9sir que f\u00fbt pr\u00e9cis\u00e9e la situation entre le Cercle et \u00ab le parti \u00bb. La position favorable sur le plan financier permet, dans l&rsquo;esprit et dans les faits, une attitude de soutien efficace envers l&rsquo;organe de presse du parti lib\u00e9ral-radical, \u00ab L&rsquo;Ind\u00e9pendant \u00bb. Le nombre relativement modeste des cotisants met le Cercle \u00e0 l&rsquo;abri de mouvements ou de pressions qui pourraient s&rsquo;exercer par une action de clans. <\/span><\/span><\/p>\n<p><span style=\"font-size: medium;\"><span style=\"margin: 0px; color: windowtext; font-family: 'Calibri',sans-serif;\">La \u00ab stabilit\u00e9 gouvernementale \u00bb pr\u00e9side \u00e0 la vie du Cercle litt\u00e9raire et de commerce. Son pr\u00e9sident, M. Henri Bardy, (qui dirige depuis 1920 la Chambre fribourgeoise du commerce et de l&rsquo;industrie), ayant \u00e9t\u00e9 re\u00e7u membre du Cercle, comme \u00e9tudiant, le 22 d\u00e9cembre 1918, a donc tant\u00f4t \u00e0 son actif un demi-si\u00e8cle de soci\u00e9tariat. Ayant 21 ans lors de sa r\u00e9ception, il a \u00ab respir\u00e9 \u00bb la vie du Cercle, en conna\u00eet les arcanes, v\u00e9cut les grandes heures comme les p\u00e9riodes difficiles. Aux moments critiques, il sut pr\u00e9server l&rsquo;avenir. Nomm\u00e9 pr\u00e9sident le 18 avril 1934, il, accomplit donc, en 1966, pour les f\u00eates du cent-cinquanti\u00e8me anniversaire, sa trente-deuxi\u00e8me ann\u00e9e \u00e0 la t\u00eate du Cercle litt\u00e9raire et de commerce. Pour qui sait ce que<\/span> <span style=\"margin: 0px; color: windowtext; font-family: 'Calibri',sans-serif;\">repr\u00e9sente d&rsquo;attention, de d\u00e9vouement, la conduite d&rsquo;un mouvement ou d&rsquo;une soci\u00e9t\u00e9, cette longue fid\u00e9lit\u00e9 est parlante davantage que toutes les p\u00e9riodes oratoires ou les t\u00e9moignages de reconnaissance. <\/span><\/span><\/p>\n<p><span style=\"margin: 0px; color: windowtext; font-family: 'Calibri',sans-serif;\"><span style=\"font-size: medium;\">Les temps actuels font que l&rsquo;on ait \u00e9t\u00e9 conduits \u00e0 faire davantage d&rsquo;administration que d&rsquo;action id\u00e9ologique. Cependant, l&rsquo;esprit subsiste. Une r\u00e9vision partielle des statuts, sanctionn\u00e9e le 14 mai 1962, exige l&rsquo;appartenance durant 10 ann\u00e9es au parti lib\u00e9ral-radical pour faire acte de candidature du Cercle. La vieille garde demeure. Le lecteur trouvera en appendice la liste des membres honoraires proclam\u00e9s \u00e0 partir du 1<\/span><sup><span style=\"font-size: small;\">er<\/span><\/sup><span style=\"font-size: medium;\"> f\u00e9vrier 1951. <\/span><\/span><\/p>\n<p><span style=\"margin: 0px; color: windowtext; font-family: 'Calibri',sans-serif;\"><span style=\"font-size: medium;\">Il faut relever que M. Alfred Broye d\u00e9c\u00e9da en 1960, \u00e2 l&rsquo;\u00e2ge de 93 ans. Ayant \u00e9t\u00e9 re\u00e7u au Cercle en 1889, il en fut donc membre durant 72 ans ! Qui propose exemple de stabilit\u00e9 et de fid\u00e9lit\u00e9 mieux \u00e9prouv\u00e9 ? L&rsquo;an 1959 connut le d\u00e9c\u00e8s de Me Wilhelm Bartsch, qui fut pr\u00e9sident du Grand Conseil et le pr\u00e9sida aussi comme doyen d&rsquo;\u00e2ge; Me Bartsch tr\u00e9passa au bel \u00e2ge de 84 ans. D\u00e9c\u00e9d\u00e9 en 1954, M. Auguste Vicarino fut membre du Cercle durant soixante ans. En 1964, d\u00e9c\u00e9dait M. Paul Blancpain, \u00e0 l&rsquo;\u00e2ge de 94 ans. Doyen du Cercle, il en \u00e9tait naturellement membre honoraire; ayant \u00e9t\u00e9 re\u00e7u en 1896, il fut donc soci\u00e9taire durant soixante-neuf ans ! L&rsquo;appartenance au Cercle litt\u00e9raire et de commerce semble offrir un brevet de long\u00e9vit\u00e9&#8230; <\/span><\/span><\/p>\n<p><span style=\"margin: 0px; color: windowtext; font-family: 'Calibri',sans-serif;\"><span style=\"font-size: medium;\">Mais si le Cercle se tourne vers le pass\u00e9, par l&rsquo;\u00e9v\u00e9nement exceptionnel que constitue un cent-cinquanti\u00e8me anniversaire, il envisage aussi les perspectives de l&rsquo;avenir, se pr\u00e9occupant de r\u00e9alisations. Depuis 1963, des \u00e9tudes sont faites pour la reconstruction du b\u00e2timent. Projets et maquettes ont \u00e9t\u00e9 con\u00e7us, auxquels les arr\u00eat\u00e9s sur la surchauffe ont impos\u00e9 le temps de la r\u00e9flexion et celui du m\u00fbrissement. <\/span><\/span><\/p>\n<p><span style=\"margin: 0px; color: windowtext; font-family: 'Calibri',sans-serif;\"><span style=\"font-size: medium;\">Les temps nouveaux ont engag\u00e9 le Cercle litt\u00e9raire et de commerce dans un style qui n&rsquo;est plus celui des luttes et des d\u00e9clarations quelquefois flambantes d&rsquo;autrefois. L&rsquo;\u00e9poque pr\u00e9sente conduit \u00e0 un certain r\u00e9alisme. Si l&rsquo;on se m\u00e9fie des mots \u00ab avec majuscules \u00bb, c&rsquo;est que l&rsquo;histoire et les \u00e9v\u00e9nements dont le cours est r\u00e9cent ont indiqu\u00e9 aux hommes que leurs d\u00e9sirs doivent \u00eatre empreints de lucidit\u00e9. <\/span><\/span><\/p>\n<p><span style=\"margin: 0px; color: windowtext; font-family: 'Calibri',sans-serif;\"><span style=\"font-size: medium;\">Le \u00ab Cercle \u00bb, en 1966, s&rsquo;appuie sur des r\u00e9alit\u00e9s qui ne manquent pas de rev\u00eatir d&rsquo;agr\u00e9ables certitudes. En filigrane, se discerne une continuit\u00e9. Allant audacieusement \u00e0 l&rsquo;an 2016, les Fribourgeois qui c\u00e9l\u00e9br\u00e8rent le 100<\/span><sup><span style=\"font-size: small;\">\u00e8me<\/span><\/sup><span style=\"font-size: medium;\"> anniversaire joignaient dans une m\u00eame pens\u00e9e les initiateurs de 1816, les continuateurs de 1916, d\u00e9fenseurs des id\u00e9es de d\u00e9mocratie et de libert\u00e9. Nous voici au terme moyen de 1966, c\u00e9l\u00e9brant un cent-cinquanti\u00e8me anniversaire.<br \/>\n\u00ab Carpe diem ! \u00bb Vivant l&rsquo;heure pr\u00e9sente, les membres du Cercle litt\u00e9raire et de commerce associ\u00e9s \u00e0 la c\u00e9l\u00e9bration songeront que, si l&rsquo;avenir est \u00e0 Dieu, d&rsquo;en assurer certaines directions d\u00e9pend de leur volont\u00e9 !<\/span><\/span><\/p>\n","protected":false},"excerpt":{"rendered":"<p>Le Cercle connut, pour son exploitation, des serviteurs d\u00e9vou\u00e9s. De 1906 \u00e0 1922, soit durant plus de seize ans, Mme Eug\u00e9nie Avanthey demeura fid\u00e8le \u00e0 son poste. M. Gaston Genoud, de Gruy\u00e8res, fut nomm\u00e9 en 1930; il rempla\u00e7ait M. F. Lorson. M. Georges Pernet, en 1948, installe une forme nouvelle d&rsquo;exploitation. Le caf\u00e9 est supprim\u00e9. [&hellip;]<\/p>\n","protected":false},"author":1,"featured_media":0,"parent":0,"menu_order":0,"comment_status":"closed","ping_status":"closed","template":"","meta":{"footnotes":""},"class_list":["post-384","page","type-page","status-publish","hentry"],"_links":{"self":[{"href":"https:\/\/cercle-lc.ch\/wordpress\/wp-json\/wp\/v2\/pages\/384","targetHints":{"allow":["GET"]}}],"collection":[{"href":"https:\/\/cercle-lc.ch\/wordpress\/wp-json\/wp\/v2\/pages"}],"about":[{"href":"https:\/\/cercle-lc.ch\/wordpress\/wp-json\/wp\/v2\/types\/page"}],"author":[{"embeddable":true,"href":"https:\/\/cercle-lc.ch\/wordpress\/wp-json\/wp\/v2\/users\/1"}],"replies":[{"embeddable":true,"href":"https:\/\/cercle-lc.ch\/wordpress\/wp-json\/wp\/v2\/comments?post=384"}],"version-history":[{"count":1,"href":"https:\/\/cercle-lc.ch\/wordpress\/wp-json\/wp\/v2\/pages\/384\/revisions"}],"predecessor-version":[{"id":386,"href":"https:\/\/cercle-lc.ch\/wordpress\/wp-json\/wp\/v2\/pages\/384\/revisions\/386"}],"wp:attachment":[{"href":"https:\/\/cercle-lc.ch\/wordpress\/wp-json\/wp\/v2\/media?parent=384"}],"curies":[{"name":"wp","href":"https:\/\/api.w.org\/{rel}","templated":true}]}}