{"id":4,"date":"2016-09-15T20:45:14","date_gmt":"2016-09-15T20:45:14","guid":{"rendered":"http:\/\/cercle-lc.ch\/wordpress\/?page_id=4"},"modified":"2026-04-10T12:17:41","modified_gmt":"2026-04-10T10:17:41","slug":"agenda","status":"publish","type":"page","link":"https:\/\/cercle-lc.ch\/wordpress\/","title":{"rendered":"Agenda"},"content":{"rendered":"\n<h3 class=\"wp-block-heading\">Prochaine manifestation<\/h3>\n\n\n\n<p class=\"wp-block-paragraph\">Assembl\u00e9e g\u00e9n\u00e9rale &#8211;<strong><mark style=\"background-color:#3856a8\" class=\"has-inline-color has-background-color\">Mercredi<\/mark><\/strong> 17 juin 2026 &#8211; 18h15 &#8211; Caf\u00e9 restaurant Le Jura<\/p>\n\n\n\n<p class=\"wp-block-paragraph\"><a href=\"https:\/\/cercle-lc.ch\/wordpress\/wp-content\/uploads\/2026\/04\/INV_AG_2026_sig.pdf\" data-type=\"link\" data-id=\"https:\/\/cercle-lc.ch\/wordpress\/wp-content\/uploads\/2026\/04\/INV_AG_2026_sig.pdf\">Ordre du jour<\/a><\/p>\n\n\n\n<p class=\"has-text-align-left wp-block-paragraph\"><a href=\"https:\/\/cercle-lc.ch\/wordpress\/wp-content\/uploads\/2026\/04\/PV-AG-2025.pdf\" data-type=\"link\" data-id=\"https:\/\/cercle-lc.ch\/wordpress\/wp-content\/uploads\/2026\/04\/PV-AG-2025.pdf\">PV de l&rsquo;AG du 22 mai 2025<\/a><\/p>\n\n\n\n<div class=\"wp-block-group is-vertical is-layout-flex wp-container-core-group-is-layout-4fc3f8e1 wp-block-group-is-layout-flex\"><\/div>\n\n\n\n<p class=\"wp-block-paragraph\"><\/p>\n\n\n\n<div class=\"wp-block-group is-nowrap is-layout-flex wp-container-core-group-is-layout-8f761849 wp-block-group-is-layout-flex\"><\/div>\n\n\n\n<p class=\"wp-block-paragraph\"><\/p>\n\n\n<h3 style=\"text-align: left;\">Local du Cercle<\/h3>\n<figure id=\"attachment_247\" aria-describedby=\"caption-attachment-247\" style=\"width: 1000px\" class=\"wp-caption aligncenter\"><img loading=\"lazy\" decoding=\"async\" width=\"1000\" height=\"632\" class=\"size-full wp-image-247\" alt=\"\" src=\"https:\/\/cercle-lc.ch\/wordpress\/wp-content\/uploads\/2016\/09\/Cercle.jpg\" srcset=\"https:\/\/cercle-lc.ch\/wordpress\/wp-content\/uploads\/2016\/09\/Cercle.jpg 1000w, https:\/\/cercle-lc.ch\/wordpress\/wp-content\/uploads\/2016\/09\/Cercle-300x190.jpg 300w, https:\/\/cercle-lc.ch\/wordpress\/wp-content\/uploads\/2016\/09\/Cercle-768x485.jpg 768w, https:\/\/cercle-lc.ch\/wordpress\/wp-content\/uploads\/2016\/09\/Cercle-80x50.jpg 80w\" sizes=\"auto, (max-width: 1000px) 100vw, 1000px\" \/><figcaption id=\"caption-attachment-247\" class=\"wp-caption-text\">Restaurant du Jura; les g\u00e9rants Vincent et Lo\u00efc Winkelmann et leurs employ\u00e9s<br \/>Photo Lib \/ Charly Rappo, Fribourg, 25.08.2017<\/figcaption><\/figure>\n<p style=\"text-align: center;\"><a href=\"https:\/\/www.facebook.com\/Caf\u00e9-Restaurant-du-Jura-Le-Jura-Fribourg-1308328885894891\/\">https:\/\/www.facebook.com\/Caf\u00e9-Restaurant-du-Jura-Le-Jura-Fribourg-1308328885894891\/<\/a><\/p>\n<h3 style=\"text-align: center;\">Ces restaurants en mains politiques<\/h3>\n<h2 style=\"text-align: center;\"><a href=\"https:\/\/cercle-lc.ch\/wordpress\/wp-content\/uploads\/2016\/09\/Cercle.pdf\">Article paru dans La Libert\u00e9 du 9 ao\u00fbt 2017<\/a><\/h2>\n\n\n<p class=\"wp-block-paragraph\"><\/p>\n","protected":false},"excerpt":{"rendered":"<p>Prochaine manifestation Assembl\u00e9e g\u00e9n\u00e9rale &#8211;Mercredi 17 juin 2026 &#8211; 18h15 &#8211; Caf\u00e9 restaurant Le Jura Ordre du jour PV de l&rsquo;AG du 22 mai 2025 Local du Cercle https:\/\/www.facebook.com\/Caf\u00e9-Restaurant-du-Jura-Le-Jura-Fribourg-1308328885894891\/ Ces restaurants en mains politiques Article paru dans La Libert\u00e9 du 9 ao\u00fbt 2017<\/p>\n","protected":false},"author":1,"featured_media":0,"parent":0,"menu_order":0,"comment_status":"closed","ping_status":"closed","template":"page-fullwidth.php","meta":{"footnotes":""},"class_list":["post-4","page","type-page","status-publish","hentry"],"_links":{"self":[{"href":"https:\/\/cercle-lc.ch\/wordpress\/wp-json\/wp\/v2\/pages\/4","targetHints":{"allow":["GET"]}}],"collection":[{"href":"https:\/\/cercle-lc.ch\/wordpress\/wp-json\/wp\/v2\/pages"}],"about":[{"href":"https:\/\/cercle-lc.ch\/wordpress\/wp-json\/wp\/v2\/types\/page"}],"author":[{"embeddable":true,"href":"https:\/\/cercle-lc.ch\/wordpress\/wp-json\/wp\/v2\/users\/1"}],"replies":[{"embeddable":true,"href":"https:\/\/cercle-lc.ch\/wordpress\/wp-json\/wp\/v2\/comments?post=4"}],"version-history":[{"count":49,"href":"https:\/\/cercle-lc.ch\/wordpress\/wp-json\/wp\/v2\/pages\/4\/revisions"}],"predecessor-version":[{"id":1046,"href":"https:\/\/cercle-lc.ch\/wordpress\/wp-json\/wp\/v2\/pages\/4\/revisions\/1046"}],"wp:attachment":[{"href":"https:\/\/cercle-lc.ch\/wordpress\/wp-json\/wp\/v2\/media?parent=4"}],"curies":[{"name":"wp","href":"https:\/\/api.w.org\/{rel}","templated":true}]}}