{"id":63,"date":"2016-09-16T09:40:43","date_gmt":"2016-09-16T09:40:43","guid":{"rendered":"http:\/\/cercle-lc.ch\/wordpress\/?page_id=63"},"modified":"2016-09-16T09:40:43","modified_gmt":"2016-09-16T09:40:43","slug":"gustave-courbet","status":"publish","type":"page","link":"https:\/\/cercle-lc.ch\/wordpress\/gustave-courbet\/","title":{"rendered":"Gustave Courbet"},"content":{"rendered":"<p><strong>Gustave Courbet\u00a0: d\u2019Ornans \u00e0 La Tour-de-Peilz (1819-1877) <\/strong><\/p>\n<p>Gustave Courbet naquit le 10 juin 1819 \u00e0 Ornans (Doubs) dans une famille de petits propri\u00e9taires terriens. Il resta attach\u00e9 toute sa vie au Jura et \u00e0 la Franche-Comt\u00e9 o\u00f9 il revint fr\u00e9quemment. S\u2019honorant d\u2019avoir \u00ab mis l\u2019art au service de l\u2019homme \u00bb, il pr\u00e9senta aux Salons parisiens des ann\u00e9es 1850 des tableaux tir\u00e9s de la r\u00e9alit\u00e9 quotidienne provinciale et trait\u00e9s dans des formats gigantesques traditionnellement r\u00e9serv\u00e9s \u00e0 la peinture d&rsquo;histoire (<em>L\u2019enterrement \u00e0 Ornans<\/em>, <em>Les casseurs de pierres<\/em>). En 1855 Courbet aligna onze tableaux \u00e0 l\u2019Exposition universelle de Paris et quarante tableaux (dont <em>L\u2019Atelier du peintre<\/em>) dans un pavillon qu&rsquo;il avait fait construire. Une brochure y \u00e9tait en vente avec un avant-propos intitul\u00e9 \u00ab le r\u00e9alisme \u00bb. Il s\u00e9journa \u00e0 plusieurs reprises en Suisse (1853-1854, 1869). Son engagement politique et les poursuites engag\u00e9es contre lui par l&rsquo;\u00c9tat fran\u00e7ais apr\u00e8s la Commune de Paris (1871) l&rsquo;oblig\u00e8rent \u00e0 se r\u00e9fugier en Suisse en juillet 1873. \u00c9tabli \u00e0 La Tour-de-Peilz, le peintre r\u00e9aliste ex\u00e9cuta de nombreux paysages du L\u00e9man, quelques portraits et sculpta en 1875 un buste de la <em>Libert\u00e9<\/em> dont des exemplaires se trouvent sur des places publiques \u00e0 La Tour-de-Peilz et Martigny. Il mourut en exil, \u00e0 La Tour-de-Peilz, le matin du 31 d\u00e9cembre 1877.<\/p>\n","protected":false},"excerpt":{"rendered":"<p>Gustave Courbet\u00a0: d\u2019Ornans \u00e0 La Tour-de-Peilz (1819-1877) Gustave Courbet naquit le 10 juin 1819 \u00e0 Ornans (Doubs) dans une famille de petits propri\u00e9taires terriens. Il resta attach\u00e9 toute sa vie au Jura et \u00e0 la Franche-Comt\u00e9 o\u00f9 il revint fr\u00e9quemment. S\u2019honorant d\u2019avoir \u00ab mis l\u2019art au service de l\u2019homme \u00bb, il pr\u00e9senta aux Salons parisiens [&hellip;]<\/p>\n","protected":false},"author":1,"featured_media":0,"parent":0,"menu_order":0,"comment_status":"closed","ping_status":"closed","template":"","meta":{"footnotes":""},"class_list":["post-63","page","type-page","status-publish","hentry"],"_links":{"self":[{"href":"https:\/\/cercle-lc.ch\/wordpress\/wp-json\/wp\/v2\/pages\/63","targetHints":{"allow":["GET"]}}],"collection":[{"href":"https:\/\/cercle-lc.ch\/wordpress\/wp-json\/wp\/v2\/pages"}],"about":[{"href":"https:\/\/cercle-lc.ch\/wordpress\/wp-json\/wp\/v2\/types\/page"}],"author":[{"embeddable":true,"href":"https:\/\/cercle-lc.ch\/wordpress\/wp-json\/wp\/v2\/users\/1"}],"replies":[{"embeddable":true,"href":"https:\/\/cercle-lc.ch\/wordpress\/wp-json\/wp\/v2\/comments?post=63"}],"version-history":[{"count":1,"href":"https:\/\/cercle-lc.ch\/wordpress\/wp-json\/wp\/v2\/pages\/63\/revisions"}],"predecessor-version":[{"id":65,"href":"https:\/\/cercle-lc.ch\/wordpress\/wp-json\/wp\/v2\/pages\/63\/revisions\/65"}],"wp:attachment":[{"href":"https:\/\/cercle-lc.ch\/wordpress\/wp-json\/wp\/v2\/media?parent=63"}],"curies":[{"name":"wp","href":"https:\/\/api.w.org\/{rel}","templated":true}]}}