{"id":75,"date":"2016-09-16T10:00:49","date_gmt":"2016-09-16T10:00:49","guid":{"rendered":"http:\/\/cercle-lc.ch\/wordpress\/?page_id=75"},"modified":"2017-11-17T12:26:31","modified_gmt":"2017-11-17T12:26:31","slug":"introduction","status":"publish","type":"page","link":"https:\/\/cercle-lc.ch\/wordpress\/introduction\/","title":{"rendered":"INTRODUCTION"},"content":{"rendered":"<h2><strong>1816 -1966<\/strong><\/h2>\n<p><em>Brochure publi\u00e9e \u00e0 l&rsquo;occasion des 150 ans du Cercle <\/em><\/p>\n<p><em>par Andr\u00e9 Gremaud, professeur au Coll\u00e8ge St-Michel, Fribourg et Henri Gremaud, conservateur du Mus\u00e9e gru\u00e9rien, Bulle<\/em><\/p>\n<p>Les nombreux Cercles qui ont vu le jour \u00e0 Fribourg au XIX<sup>\u00e8me<\/sup> si\u00e8cle tentent de survivre actuellement en se modifiant ou en s&rsquo;adaptant aux n\u00e9cessit\u00e9s de notre \u00e9poque.<\/p>\n<p>Au si\u00e8cle passe, ils r\u00e9pondaient \u00e0 un besoin : r\u00e9unir des citoyens aux aspirations sociales, intellectuelles, politiques identiques; leur permettre de s&rsquo;instruire et de se r\u00e9cr\u00e9er.<\/p>\n<p>Tel salon ou tel restaurant \u00e9voque aujourd&rsquo;hui encore une appartenance marqu\u00e9e \u00e0 l&rsquo;une ou l&rsquo;autre cat\u00e9gorie politico-sociale de notre ville. La Grande Soci\u00e9t\u00e9, le Cercle litt\u00e9raire et de commerce, le Cercle de l&rsquo;Union, le Cercle catholique, le Cercle chr\u00e9tien-social &#8211; pour respecter l&rsquo;ordre chronologique de leur fondation &#8211; ont rallie, avec des succ\u00e8s divers selon leurs heures de gloire, des g\u00e9n\u00e9rations de Fribourgeois. C&rsquo;est ainsi que l&rsquo;histoire des Cercles au XIX<sup>\u00e8me<\/sup> si\u00e8cle est un peu celle de Fribourg.<\/p>\n<p>En 1966, le Cercle litt\u00e9raire et de commerce (ci-apr\u00e8s Cercle), apr\u00e8s une existence de cent cinquante ans, attend de l&rsquo;historien qu&rsquo;il en \u00e9voque les souvenirs les plus significatifs.<\/p>\n<p>&nbsp;<\/p>\n<h3><strong>1966 &#8211; 2016<\/strong><\/h3>\n<p><em>Recherche publi\u00e9e sur Internet \u00e0 l&rsquo;occasion des 200 ans du Cercle.<\/em><\/p>\n<p><em>par Patrick Minder et Christian Bardy<\/em><\/p>\n<p>En fonction de la mission qui nous a \u00e9t\u00e9 confi\u00e9e, \u00e0 savoir essentiellement de compl\u00e9ter l\u2019histoire du Cercle litt\u00e9raire et de commerce qui peut d\u00e9j\u00e0 compter sur une plaquette tr\u00e8s compl\u00e8te \u00e9dit\u00e9e dans le cadre du 150<sup>e <\/sup> anniversaire, nous avons explor\u00e9 diverses sources. Nous avons fait le tour complet des archives du Cercle dans le local se trouvant au sous-sol du Caf\u00e9 du Jura. Ces archives sont parfaitement class\u00e9es mais tr\u00e8s incompl\u00e8tes. Nous avons \u00e9galement consult\u00e9 diverses autres sources sur internet et \u00e0 la BCU notamment.<\/p>\n<p>Une fois ce tour d\u2019horizon effectu\u00e9, nous avons opt\u00e9 pour une pr\u00e9sentation \u00e0 double entr\u00e9e. D\u2019une part certains aspects qui rattachent l\u2019histoire du Cercle \u00e0 la grande Histoire\u00a0; d\u2019autre part certains \u00e9l\u00e9ments propres \u00e0 l\u2019histoire du Cercle. Dans la premi\u00e8re entr\u00e9e, nous sommes revenus sur Gustave Courbet, les conditions qui l\u2019ont amen\u00e9 \u00e0 devenir membre d\u2019honneur du Cercle. Cela nous a paru pertinent en raison de la place prise par le c\u00e9l\u00e8bre peintre d\u2019Ornans dans le cadre des c\u00e9l\u00e9brations du bicentenaire. Et nous avons \u00e9galement abord\u00e9 deux sujets \u00e0 propos desquels la vie du Cercle s\u2019est fondue dans l\u2019Histoire\u00a0: 1\u00b0) la pr\u00e9sence du Conseiller f\u00e9d\u00e9ral Paul Chaudet lors de la c\u00e9l\u00e9bration officielle du 150<sup>e<\/sup> anniversaire, le tout en pleine Affaire des <em>Mirage<\/em> quelques jours seulement avant sa d\u00e9mission du gouvernement helv\u00e9tique\u00a0; 2\u00b0) l\u2019arriv\u00e9e des premi\u00e8res femmes dans le Cercle, sans doute \u00e0 mettre en lien avec l\u2019introduction du droit de vote et d\u2019\u00e9ligibilit\u00e9 des femmes sur le plan f\u00e9d\u00e9ral et cantonal.<\/p>\n<p>Dans la deuxi\u00e8me entr\u00e9e, concernant l\u2019histoire du Cercle, nous nous sommes pench\u00e9s plus particuli\u00e8rement sur les \u00e9v\u00e9nements importants et notamment sur la c\u00e9l\u00e9bration des divers anniversaires avec les discours qui y ont \u00e9t\u00e9 prononc\u00e9s et les actions qui ont \u00e9t\u00e9 entreprises dans ce contexte. Nous nous sommes \u00e9galement int\u00e9ress\u00e9s \u00e0 l\u2019histoire des immeubles du Cercle ainsi qu\u2019\u00e0 la cr\u00e9ation de la Fondation du Cercle.<\/p>\n<p>Nous pensons avoir ainsi mis \u00e0 jour plusieurs aspects importants et int\u00e9ressants de l\u2019histoire du Cercle, et plus particuli\u00e8rement celle des 50 derni\u00e8res ann\u00e9es. Nous esp\u00e9rons que vous aurez autant de plaisir \u00e0 nous lire que nous en avons eu \u00e0 collaborer et \u00e0 nous plonger dans la vie de votre Cercle.<\/p>\n","protected":false},"excerpt":{"rendered":"<p>1816 -1966 Brochure publi\u00e9e \u00e0 l&rsquo;occasion des 150 ans du Cercle par Andr\u00e9 Gremaud, professeur au Coll\u00e8ge St-Michel, Fribourg et Henri Gremaud, conservateur du Mus\u00e9e gru\u00e9rien, Bulle Les nombreux Cercles qui ont vu le jour \u00e0 Fribourg au XIX\u00e8me si\u00e8cle tentent de survivre actuellement en se modifiant ou en s&rsquo;adaptant aux n\u00e9cessit\u00e9s de notre \u00e9poque. [&hellip;]<\/p>\n","protected":false},"author":1,"featured_media":0,"parent":0,"menu_order":0,"comment_status":"closed","ping_status":"closed","template":"","meta":{"footnotes":""},"class_list":["post-75","page","type-page","status-publish","hentry"],"_links":{"self":[{"href":"https:\/\/cercle-lc.ch\/wordpress\/wp-json\/wp\/v2\/pages\/75","targetHints":{"allow":["GET"]}}],"collection":[{"href":"https:\/\/cercle-lc.ch\/wordpress\/wp-json\/wp\/v2\/pages"}],"about":[{"href":"https:\/\/cercle-lc.ch\/wordpress\/wp-json\/wp\/v2\/types\/page"}],"author":[{"embeddable":true,"href":"https:\/\/cercle-lc.ch\/wordpress\/wp-json\/wp\/v2\/users\/1"}],"replies":[{"embeddable":true,"href":"https:\/\/cercle-lc.ch\/wordpress\/wp-json\/wp\/v2\/comments?post=75"}],"version-history":[{"count":5,"href":"https:\/\/cercle-lc.ch\/wordpress\/wp-json\/wp\/v2\/pages\/75\/revisions"}],"predecessor-version":[{"id":201,"href":"https:\/\/cercle-lc.ch\/wordpress\/wp-json\/wp\/v2\/pages\/75\/revisions\/201"}],"wp:attachment":[{"href":"https:\/\/cercle-lc.ch\/wordpress\/wp-json\/wp\/v2\/media?parent=75"}],"curies":[{"name":"wp","href":"https:\/\/api.w.org\/{rel}","templated":true}]}}